{"id":819,"date":"2023-06-01T20:55:00","date_gmt":"2023-06-01T18:55:00","guid":{"rendered":"https:\/\/repensandolaeducacion.alopadres.com\/?page_id=819"},"modified":"2023-11-15T21:13:32","modified_gmt":"2023-11-15T20:13:32","slug":"edicion-16","status":"publish","type":"page","link":"https:\/\/repensandolaeducacion.alopadres.com\/index.php\/edicion-16\/","title":{"rendered":"Edici\u00f3n 16"},"content":{"rendered":"\t\t<div data-elementor-type=\"wp-page\" data-elementor-id=\"819\" class=\"elementor elementor-819\">\n\t\t\t\t<div class=\"elementor-element elementor-element-d10214e e-flex e-con-boxed e-con e-parent\" data-id=\"d10214e\" data-element_type=\"container\" data-e-type=\"container\">\n\t\t\t\t\t<div class=\"e-con-inner\">\n\t\t<div class=\"elementor-element elementor-element-c072919 e-flex e-con-boxed e-con e-child\" data-id=\"c072919\" data-element_type=\"container\" data-e-type=\"container\">\n\t\t\t\t\t<div class=\"e-con-inner\">\n\t\t<div class=\"elementor-element elementor-element-f3a56bd e-con-full e-flex e-con e-child\" data-id=\"f3a56bd\" data-element_type=\"container\" data-e-type=\"container\">\n\t\t\t\t<div class=\"elementor-element elementor-element-cc0f1df elementor-widget elementor-widget-image\" data-id=\"cc0f1df\" data-element_type=\"widget\" data-e-type=\"widget\" data-widget_type=\"image.default\">\n\t\t\t\t<div class=\"elementor-widget-container\">\n\t\t\t\t\t\t\t\t\t\t\t\t\t\t\t<img fetchpriority=\"high\" decoding=\"async\" width=\"724\" height=\"1024\" src=\"https:\/\/repensandolaeducacion.alopadres.com\/wp-content\/uploads\/2023\/11\/Revista-RLE16-724x1024.jpg\" class=\"attachment-large size-large wp-image-752\" alt=\"\" srcset=\"https:\/\/repensandolaeducacion.alopadres.com\/wp-content\/uploads\/2023\/11\/Revista-RLE16-724x1024.jpg 724w, https:\/\/repensandolaeducacion.alopadres.com\/wp-content\/uploads\/2023\/11\/Revista-RLE16-212x300.jpg 212w, https:\/\/repensandolaeducacion.alopadres.com\/wp-content\/uploads\/2023\/11\/Revista-RLE16-768x1086.jpg 768w, https:\/\/repensandolaeducacion.alopadres.com\/wp-content\/uploads\/2023\/11\/Revista-RLE16-1086x1536.jpg 1086w, https:\/\/repensandolaeducacion.alopadres.com\/wp-content\/uploads\/2023\/11\/Revista-RLE16.jpg 1414w\" sizes=\"(max-width: 724px) 100vw, 724px\" \/>\t\t\t\t\t\t\t\t\t\t\t\t\t\t\t<\/div>\n\t\t\t\t<\/div>\n\t\t\t\t<\/div>\n\t\t<div class=\"elementor-element elementor-element-da4c77c e-con-full e-flex e-con e-child\" data-id=\"da4c77c\" data-element_type=\"container\" data-e-type=\"container\">\n\t\t\t\t<div class=\"elementor-element elementor-element-a2b9876 elementor-widget elementor-widget-text-editor\" data-id=\"a2b9876\" data-element_type=\"widget\" data-e-type=\"widget\" data-widget_type=\"text-editor.default\">\n\t\t\t\t<div class=\"elementor-widget-container\">\n\t\t\t\t\t\t\t\t\t<p>REVISTA DIGITAL <br \/>REPENSANDO LA EDUCACI\u00d3N<br \/>ISSN: 2744-8754 (En l\u00ednea) <br \/>Edici\u00f3n 16 Cota, Colombia<br \/>Junio-julio de 2023<\/p><p><br \/>DIRECCI\u00d3N GENERAL<br \/>Gladys Elisa Salas C<br \/>DIRECCI\u00d3N EDITORIAL<br \/>Gladys Elisa Salas C<br \/>gladys.salas.c@gmail.com<br \/>CORRECCI\u00d3N DE ESTILO<br \/>Elisa Stephania Alvarado<br \/>DISE\u00d1O GR\u00c1FICO<br \/>Gladys Salas<\/p><p>FOTOS<br \/>Aplicaci\u00f3n Canva, y algunas facilitadas por los colaboradores.<\/p><p>La Revista REPENSANDO LA EDUCACI\u00d3N no hace necesariamente suyas las opiniones y criterios expresados por sus colaboradores.<\/p><p class=\"cvGsUA direction-ltr align-start para-style-body\">\u00a0<\/p>\t\t\t\t\t\t\t\t<\/div>\n\t\t\t\t<\/div>\n\t\t\t\t<div class=\"elementor-element elementor-element-59e9f84 elementor-widget elementor-widget-text-editor\" data-id=\"59e9f84\" data-element_type=\"widget\" data-e-type=\"widget\" data-widget_type=\"text-editor.default\">\n\t\t\t\t<div class=\"elementor-widget-container\">\n\t\t\t\t\t\t\t\t\t<p>Colaboradores:<\/p><p>Cristian Murillo Villegas <br \/>Diana Carolina Gonz\u00e1lez <br \/>Isabella Mu\u00f1os <br \/>Jos\u00e9 Mar\u00eda Luque<br \/>Josune Segovia Bueno<br \/>Mabel S\u00e1nchez S\u00e1nchez<br \/>Paco Pascual<br \/>Piero Vinces<br \/>Ruth Geraldine Rojas Rodriguez <br \/>Sophie Nocera <br \/>Valentina Robayo Ruiz <br \/>Wilma Liliana Curri\u00f1ir Fuenzalida<\/p><p>Secci\u00f3n Notiidioma:<br \/>Recopilador de los temas: Luis Fernando Garc\u00eda N\u00fa\u00f1ez<\/p><p><br \/>Foto portada: Canva<\/p>\t\t\t\t\t\t\t\t<\/div>\n\t\t\t\t<\/div>\n\t\t\t\t<\/div>\n\t\t\t\t\t<\/div>\n\t\t\t\t<\/div>\n\t\t\t\t\t<\/div>\n\t\t\t\t<\/div>\n\t\t<div class=\"elementor-element elementor-element-0fa8fdb e-flex e-con-boxed e-con e-parent\" data-id=\"0fa8fdb\" data-element_type=\"container\" data-e-type=\"container\">\n\t\t\t\t\t<div class=\"e-con-inner\">\n\t\t\t\t<div class=\"elementor-element elementor-element-4247f82 elementor-widget elementor-widget-he-news-module-twelve\" data-id=\"4247f82\" data-element_type=\"widget\" data-e-type=\"widget\" data-widget_type=\"he-news-module-twelve.default\">\n\t\t\t\t<div class=\"elementor-widget-container\">\n\t\t\t\t\t        <div class=\"he-news-module-twelve\">\n                        <h2 class=\"he-block-title he-title-style1\">\n                <span>Art\u00edculos edici\u00f3n 16<\/span>            <\/h2>\n                        <div class=\"he-double-small-block\">\n                                    <div class=\"he-post-item he-clearfix\">\n                        <div class=\"he-post-thumb he-aligned-block\">\n                            <a href=\"https:\/\/repensandolaeducacion.alopadres.com\/index.php\/2023\/06\/01\/nota-del-editor-16\/\">\n                                <div class=\"he-thumb-container\">\n                                                                            <img decoding=\"async\" alt=\"nota del editor Edici\u00f3n 16\" src=\"https:\/\/repensandolaeducacion.alopadres.com\/wp-content\/uploads\/2023\/11\/Repensando_educacion_revista_e16_f-1024x512.jpg\">\n                                                                    <\/div>\n                            <\/a>\n                        <\/div>\n\n                        <div class=\"he-post-content\">\n                            <ul class=\"he-post-categories\"><li><a class=\"he-primary-cat he-category-2\" href=\"https:\/\/repensandolaeducacion.alopadres.com\/index.php\/category\/edicion-16\/\">Edici\u00f3n 16<\/a><\/li><\/ul>                            <h3 class=\"he-post-title\"><a href=\"https:\/\/repensandolaeducacion.alopadres.com\/index.php\/2023\/06\/01\/nota-del-editor-16\/\">nota del editor Edici\u00f3n 16<\/a><\/h3>\n                                        <div class=\"he-post-meta\">\n                <span class=\"he-post-author\"><i class=\"mdi-account\"><\/i>Gladys Salas<\/span><span class=\"he-post-date\"><i class=\"mdi-clock-time-four-outline\"><\/i>1 de junio de 2023<\/span><span class=\"he-post-comment\"><i class=\"mdi-comment-outline\"><\/i>0<\/span>            <\/div>\n                                    <\/div>\n                    <\/div>\n                                        <div class=\"he-post-item he-clearfix\">\n                        <div class=\"he-post-thumb he-aligned-block\">\n                            <a href=\"https:\/\/repensandolaeducacion.alopadres.com\/index.php\/2023\/06\/01\/vendedora-rosas\/\">\n                                <div class=\"he-thumb-container\">\n                                                                            <img decoding=\"async\" alt=\"La vendedora de rosas\" src=\"https:\/\/repensandolaeducacion.alopadres.com\/wp-content\/uploads\/2023\/11\/Repensando_educacion_revista_e16_f-9-1024x512.jpg\">\n                                                                    <\/div>\n                            <\/a>\n                        <\/div>\n\n                        <div class=\"he-post-content\">\n                            <ul class=\"he-post-categories\"><li><a class=\"he-primary-cat he-category-38\" href=\"https:\/\/repensandolaeducacion.alopadres.com\/index.php\/category\/cine\/\">Cine<\/a><\/li><\/ul>                            <h3 class=\"he-post-title\"><a href=\"https:\/\/repensandolaeducacion.alopadres.com\/index.php\/2023\/06\/01\/vendedora-rosas\/\">La vendedora de rosas<\/a><\/h3>\n                                        <div class=\"he-post-meta\">\n                <span class=\"he-post-author\"><i class=\"mdi-account\"><\/i>Jos\u00e9 Mar\u00eda Luque Mart\u00edn<\/span><span class=\"he-post-date\"><i class=\"mdi-clock-time-four-outline\"><\/i>1 de junio de 2023<\/span><span class=\"he-post-comment\"><i class=\"mdi-comment-outline\"><\/i>0<\/span>            <\/div>\n                                    <\/div>\n                    <\/div>\n                                        <div class=\"he-post-item he-clearfix\">\n                        <div class=\"he-post-thumb he-aligned-block\">\n                            <a href=\"https:\/\/repensandolaeducacion.alopadres.com\/index.php\/2023\/06\/01\/alegria-aprender\/\">\n                                <div class=\"he-thumb-container\">\n                                                                            <img decoding=\"async\" alt=\"La Alegr\u00eda de Aprender\" src=\"https:\/\/repensandolaeducacion.alopadres.com\/wp-content\/uploads\/2023\/11\/Repensando_educacion_revista_e16_f-2-1024x512.jpg\">\n                                                                    <\/div>\n                            <\/a>\n                        <\/div>\n\n                        <div class=\"he-post-content\">\n                            <ul class=\"he-post-categories\"><li><a class=\"he-primary-cat he-category-41\" href=\"https:\/\/repensandolaeducacion.alopadres.com\/index.php\/category\/clonlara\/\">Clonlara<\/a><\/li><\/ul>                            <h3 class=\"he-post-title\"><a href=\"https:\/\/repensandolaeducacion.alopadres.com\/index.php\/2023\/06\/01\/alegria-aprender\/\">La Alegr\u00eda de Aprender<\/a><\/h3>\n                                        <div class=\"he-post-meta\">\n                <span class=\"he-post-author\"><i class=\"mdi-account\"><\/i>Josune Segovia Bueno<\/span><span class=\"he-post-date\"><i class=\"mdi-clock-time-four-outline\"><\/i>1 de junio de 2023<\/span><span class=\"he-post-comment\"><i class=\"mdi-comment-outline\"><\/i>0<\/span>            <\/div>\n                                    <\/div>\n                    <\/div>\n                                        <div class=\"he-post-item he-clearfix\">\n                        <div class=\"he-post-thumb he-aligned-block\">\n                            <a href=\"https:\/\/repensandolaeducacion.alopadres.com\/index.php\/2023\/06\/01\/sin-emocion-no-aprendizaje\/\">\n                                <div class=\"he-thumb-container\">\n                                                                            <img decoding=\"async\" alt=\"Sin emoci\u00f3n no hay aprendizaje\" src=\"https:\/\/repensandolaeducacion.alopadres.com\/wp-content\/uploads\/2023\/11\/Repensando_educacion_revista_e16_f-7-1024x512.jpg\">\n                                                                    <\/div>\n                            <\/a>\n                        <\/div>\n\n                        <div class=\"he-post-content\">\n                            <ul class=\"he-post-categories\"><li><a class=\"he-primary-cat he-category-2\" href=\"https:\/\/repensandolaeducacion.alopadres.com\/index.php\/category\/edicion-16\/\">Edici\u00f3n 16<\/a><\/li><\/ul>                            <h3 class=\"he-post-title\"><a href=\"https:\/\/repensandolaeducacion.alopadres.com\/index.php\/2023\/06\/01\/sin-emocion-no-aprendizaje\/\">Sin emoci\u00f3n no hay aprendizaje<\/a><\/h3>\n                                        <div class=\"he-post-meta\">\n                <span class=\"he-post-author\"><i class=\"mdi-account\"><\/i>Piero Vinces Mu\u00f1oz<\/span><span class=\"he-post-date\"><i class=\"mdi-clock-time-four-outline\"><\/i>1 de junio de 2023<\/span><span class=\"he-post-comment\"><i class=\"mdi-comment-outline\"><\/i>0<\/span>            <\/div>\n                                    <\/div>\n                    <\/div>\n                                        <div class=\"he-post-item he-clearfix\">\n                        <div class=\"he-post-thumb he-aligned-block\">\n                            <a href=\"https:\/\/repensandolaeducacion.alopadres.com\/index.php\/2023\/06\/01\/aprender-con-alegria\/\">\n                                <div class=\"he-thumb-container\">\n                                                                            <img decoding=\"async\" alt=\"Aprender con alegr\u00eda\" src=\"https:\/\/repensandolaeducacion.alopadres.com\/wp-content\/uploads\/2023\/06\/Repensando_educacion_revista_e16_f-6-1024x512.jpg\">\n                                                                    <\/div>\n                            <\/a>\n                        <\/div>\n\n                        <div class=\"he-post-content\">\n                            <ul class=\"he-post-categories\"><li><a class=\"he-primary-cat he-category-2\" href=\"https:\/\/repensandolaeducacion.alopadres.com\/index.php\/category\/edicion-16\/\">Edici\u00f3n 16<\/a><\/li><\/ul>                            <h3 class=\"he-post-title\"><a href=\"https:\/\/repensandolaeducacion.alopadres.com\/index.php\/2023\/06\/01\/aprender-con-alegria\/\">Aprender con alegr\u00eda<\/a><\/h3>\n                                        <div class=\"he-post-meta\">\n                <span class=\"he-post-author\"><i class=\"mdi-account\"><\/i>Wilma Liliana Curri\u00f1ir Fuenzalida<\/span><span class=\"he-post-date\"><i class=\"mdi-clock-time-four-outline\"><\/i>1 de junio de 2023<\/span><span class=\"he-post-comment\"><i class=\"mdi-comment-outline\"><\/i>0<\/span>            <\/div>\n                                    <\/div>\n                    <\/div>\n                                        <div class=\"he-post-item he-clearfix\">\n                        <div class=\"he-post-thumb he-aligned-block\">\n                            <a href=\"https:\/\/repensandolaeducacion.alopadres.com\/index.php\/2023\/06\/01\/chevere\/\">\n                                <div class=\"he-thumb-container\">\n                                                                            <img decoding=\"async\" alt=\"Ch\u00e9vere\" src=\"https:\/\/repensandolaeducacion.alopadres.com\/wp-content\/uploads\/2023\/10\/Repensando_educacion_revista_e16_f-12-1024x512.jpg\">\n                                                                    <\/div>\n                            <\/a>\n                        <\/div>\n\n                        <div class=\"he-post-content\">\n                            <ul class=\"he-post-categories\"><li><a class=\"he-primary-cat he-category-2\" href=\"https:\/\/repensandolaeducacion.alopadres.com\/index.php\/category\/edicion-16\/\">Edici\u00f3n 16<\/a><\/li><\/ul>                            <h3 class=\"he-post-title\"><a href=\"https:\/\/repensandolaeducacion.alopadres.com\/index.php\/2023\/06\/01\/chevere\/\">Ch\u00e9vere<\/a><\/h3>\n                                        <div class=\"he-post-meta\">\n                <span class=\"he-post-author\"><i class=\"mdi-account\"><\/i>Luis Fernando Garc\u00eda N\u00fa\u00f1ez<\/span><span class=\"he-post-date\"><i class=\"mdi-clock-time-four-outline\"><\/i>1 de junio de 2023<\/span><span class=\"he-post-comment\"><i class=\"mdi-comment-outline\"><\/i>0<\/span>            <\/div>\n                                    <\/div>\n                    <\/div>\n                                        <div class=\"he-post-item he-clearfix\">\n                        <div class=\"he-post-thumb he-aligned-block\">\n                            <a href=\"https:\/\/repensandolaeducacion.alopadres.com\/index.php\/2023\/06\/01\/industrias-clase-mundial\/\">\n                                <div class=\"he-thumb-container\">\n                                                                            <img decoding=\"async\" alt=\"Industrias de clase mundial\" src=\"https:\/\/repensandolaeducacion.alopadres.com\/wp-content\/uploads\/2023\/11\/Repensando_educacion_revista_e16_f-5-1024x512.jpg\">\n                                                                    <\/div>\n                            <\/a>\n                        <\/div>\n\n                        <div class=\"he-post-content\">\n                            <ul class=\"he-post-categories\"><li><a class=\"he-primary-cat he-category-40\" href=\"https:\/\/repensandolaeducacion.alopadres.com\/index.php\/category\/cultura\/\">Cultura<\/a><\/li><\/ul>                            <h3 class=\"he-post-title\"><a href=\"https:\/\/repensandolaeducacion.alopadres.com\/index.php\/2023\/06\/01\/industrias-clase-mundial\/\">Industrias de clase mundial<\/a><\/h3>\n                                        <div class=\"he-post-meta\">\n                <span class=\"he-post-author\"><i class=\"mdi-account\"><\/i>Cristian Murillo Villegas<\/span><span class=\"he-post-date\"><i class=\"mdi-clock-time-four-outline\"><\/i>1 de junio de 2023<\/span><span class=\"he-post-comment\"><i class=\"mdi-comment-outline\"><\/i>0<\/span>            <\/div>\n                                    <\/div>\n                    <\/div>\n                                        <div class=\"he-post-item he-clearfix\">\n                        <div class=\"he-post-thumb he-aligned-block\">\n                            <a href=\"https:\/\/repensandolaeducacion.alopadres.com\/index.php\/2023\/06\/01\/sos-mariola\/\">\n                                <div class=\"he-thumb-container\">\n                                                                            <img decoding=\"async\" alt=\"SOS MARIOLA un proyecto APS con cinco urgentes servicios\" src=\"https:\/\/repensandolaeducacion.alopadres.com\/wp-content\/uploads\/2023\/11\/Repensando_educacion_revista_e16_f-1.jpg\">\n                                                                    <\/div>\n                            <\/a>\n                        <\/div>\n\n                        <div class=\"he-post-content\">\n                            <ul class=\"he-post-categories\"><li><a class=\"he-primary-cat he-category-2\" href=\"https:\/\/repensandolaeducacion.alopadres.com\/index.php\/category\/edicion-16\/\">Edici\u00f3n 16<\/a><\/li><\/ul>                            <h3 class=\"he-post-title\"><a href=\"https:\/\/repensandolaeducacion.alopadres.com\/index.php\/2023\/06\/01\/sos-mariola\/\">SOS MARIOLA un proyecto APS con cinco urgentes servicios<\/a><\/h3>\n                                        <div class=\"he-post-meta\">\n                <span class=\"he-post-author\"><i class=\"mdi-account\"><\/i>Paco Pascual Solers<\/span><span class=\"he-post-date\"><i class=\"mdi-clock-time-four-outline\"><\/i>1 de junio de 2023<\/span><span class=\"he-post-comment\"><i class=\"mdi-comment-outline\"><\/i>0<\/span>            <\/div>\n                                    <\/div>\n                    <\/div>\n                                <\/div>\n        <\/div>\n        \t\t\t\t<\/div>\n\t\t\t\t<\/div>\n\t\t\t\t\t<\/div>\n\t\t\t\t<\/div>\n\t\t\t\t<\/div>\n\t\t","protected":false},"excerpt":{"rendered":"<p>REVISTA DIGITAL REPENSANDO LA EDUCACI\u00d3NISSN: 2744-8754 (En l\u00ednea) Edici\u00f3n 16 Cota, ColombiaJunio-julio de 2023 DIRECCI\u00d3N GENERALGladys Elisa Salas CDIRECCI\u00d3N EDITORIALGladys Elisa Salas Cgladys.salas.c@gmail.comCORRECCI\u00d3N DE ESTILOElisa Stephania AlvaradoDISE\u00d1O GR\u00c1FICOGladys Salas FOTOSAplicaci\u00f3n Canva, y algunas facilitadas por los colaboradores. La Revista REPENSANDO LA EDUCACI\u00d3N no hace necesariamente suyas las opiniones y criterios expresados por sus colaboradores. \u00a0 [&hellip;]<\/p>\n","protected":false},"author":1,"featured_media":752,"parent":0,"menu_order":0,"comment_status":"closed","ping_status":"closed","template":"elementor_header_footer","meta":{"sb_editor_width":"","footnotes":""},"coauthors":[],"class_list":["post-819","page","type-page","status-publish","has-post-thumbnail","hentry"],"relative_dates":{"created":"3 a\u00f1os ago","modified":"2 a\u00f1os ago"},"jetpack-related-posts":[{"id":863,"url":"https:\/\/repensandolaeducacion.alopadres.com\/index.php\/edicion-14\/","url_meta":{"origin":819,"position":0},"title":"Edici\u00f3n 14","author":"repensando","date":"1 de febrero de 2023","format":false,"excerpt":"REVISTA DIGITAL REPENSANDO LA EDUCACI\u00d3NISSN: 2744-8754 (En l\u00ednea) Edici\u00f3n 14 Cota, ColombiaFebrero-marzo de 2023DIRECCI\u00d3N GENERALGladys Elisa Salas CDIRECCI\u00d3N EDITORIALGladys Elisa Salas Cgladys.salas.c@gmail.comCORRECCI\u00d3N DE ESTILOElisa Stephania AlvaradoDISE\u00d1O GR\u00c1FICOGladys SalasFOTOSAplicaci\u00f3n Canva, y algunas facilitadas por los colaboradores.La Revista REPENSANDO LA EDUCACI\u00d3N no hace necesariamente suyas las opiniones y criterios expresados por sus\u2026","rel":"","context":"Entrada similar","block_context":{"text":"Entrada similar","link":""},"img":{"alt_text":"","src":"https:\/\/i0.wp.com\/repensandolaeducacion.alopadres.com\/wp-content\/uploads\/2023\/11\/Revista-RLE14.jpg?resize=350%2C200&ssl=1","width":350,"height":200,"srcset":"https:\/\/i0.wp.com\/repensandolaeducacion.alopadres.com\/wp-content\/uploads\/2023\/11\/Revista-RLE14.jpg?resize=350%2C200&ssl=1 1x, https:\/\/i0.wp.com\/repensandolaeducacion.alopadres.com\/wp-content\/uploads\/2023\/11\/Revista-RLE14.jpg?resize=525%2C300&ssl=1 1.5x, https:\/\/i0.wp.com\/repensandolaeducacion.alopadres.com\/wp-content\/uploads\/2023\/11\/Revista-RLE14.jpg?resize=700%2C400&ssl=1 2x, https:\/\/i0.wp.com\/repensandolaeducacion.alopadres.com\/wp-content\/uploads\/2023\/11\/Revista-RLE14.jpg?resize=1050%2C600&ssl=1 3x, https:\/\/i0.wp.com\/repensandolaeducacion.alopadres.com\/wp-content\/uploads\/2023\/11\/Revista-RLE14.jpg?resize=1400%2C800&ssl=1 4x"},"classes":[]},{"id":843,"url":"https:\/\/repensandolaeducacion.alopadres.com\/index.php\/edicion-15\/","url_meta":{"origin":819,"position":1},"title":"Edici\u00f3n 15","author":"repensando","date":"1 de abril de 2023","format":false,"excerpt":"REVISTA DIGITAL REPENSANDO LA EDUCACI\u00d3NISSN: 2744-8754 (En l\u00ednea) Edici\u00f3n 15 Cota, ColombiaAbril-mayo de 2023DIRECCI\u00d3N GENERALGladys Elisa Salas CDIRECCI\u00d3N EDITORIALGladys Elisa Salas Cgladys.salas.c@gmail.comCORRECCI\u00d3N DE ESTILOElisa Stephania AlvaradoDISE\u00d1O GR\u00c1FICOGladys SalasFOTOSAplicaci\u00f3n Canva, y algunas facilitadas por los colaboradores.La Revista REPENSANDO LA EDUCACI\u00d3N no hace necesariamente suyas las opiniones y criterios expresados por sus\u2026","rel":"","context":"Entrada similar","block_context":{"text":"Entrada similar","link":""},"img":{"alt_text":"","src":"https:\/\/i0.wp.com\/repensandolaeducacion.alopadres.com\/wp-content\/uploads\/2023\/11\/Revista_RLE15.jpg?resize=350%2C200&ssl=1","width":350,"height":200,"srcset":"https:\/\/i0.wp.com\/repensandolaeducacion.alopadres.com\/wp-content\/uploads\/2023\/11\/Revista_RLE15.jpg?resize=350%2C200&ssl=1 1x, https:\/\/i0.wp.com\/repensandolaeducacion.alopadres.com\/wp-content\/uploads\/2023\/11\/Revista_RLE15.jpg?resize=525%2C300&ssl=1 1.5x, https:\/\/i0.wp.com\/repensandolaeducacion.alopadres.com\/wp-content\/uploads\/2023\/11\/Revista_RLE15.jpg?resize=700%2C400&ssl=1 2x, https:\/\/i0.wp.com\/repensandolaeducacion.alopadres.com\/wp-content\/uploads\/2023\/11\/Revista_RLE15.jpg?resize=1050%2C600&ssl=1 3x, https:\/\/i0.wp.com\/repensandolaeducacion.alopadres.com\/wp-content\/uploads\/2023\/11\/Revista_RLE15.jpg?resize=1400%2C800&ssl=1 4x"},"classes":[]},{"id":1062,"url":"https:\/\/repensandolaeducacion.alopadres.com\/index.php\/edicion-18\/","url_meta":{"origin":819,"position":2},"title":"Edici\u00f3n 18","author":"repensando","date":"28 de noviembre de 2023","format":false,"excerpt":"REVISTA DIGITAL REPENSANDO LA EDUCACI\u00d3NISSN: 2744-8754 (En l\u00ednea) Edici\u00f3n 18 Cota, ColombiaDiciembre 2023-enero 2024DIRECCI\u00d3N GENERALGladys Elisa Salas CDIRECCI\u00d3N EDITORIALGladys Elisa Salas Cgladys.salas.c@gmail.comCORRECCI\u00d3N DE ESTILOElisa Stephania AlvaradoDISE\u00d1O GR\u00c1FICOGladys SalasFOTOSAplicaci\u00f3n Canva, y algunas facilitadas por los colaboradores.La Revista REPENSANDO LA EDUCACI\u00d3N no hace necesariamente suyas las opiniones y criterios expresados por sus\u2026","rel":"","context":"Entrada similar","block_context":{"text":"Entrada similar","link":""},"img":{"alt_text":"","src":"https:\/\/i0.wp.com\/repensandolaeducacion.alopadres.com\/wp-content\/uploads\/2023\/11\/Revista-RLE18.jpg?resize=350%2C200&ssl=1","width":350,"height":200,"srcset":"https:\/\/i0.wp.com\/repensandolaeducacion.alopadres.com\/wp-content\/uploads\/2023\/11\/Revista-RLE18.jpg?resize=350%2C200&ssl=1 1x, https:\/\/i0.wp.com\/repensandolaeducacion.alopadres.com\/wp-content\/uploads\/2023\/11\/Revista-RLE18.jpg?resize=525%2C300&ssl=1 1.5x, https:\/\/i0.wp.com\/repensandolaeducacion.alopadres.com\/wp-content\/uploads\/2023\/11\/Revista-RLE18.jpg?resize=700%2C400&ssl=1 2x, https:\/\/i0.wp.com\/repensandolaeducacion.alopadres.com\/wp-content\/uploads\/2023\/11\/Revista-RLE18.jpg?resize=1050%2C600&ssl=1 3x, https:\/\/i0.wp.com\/repensandolaeducacion.alopadres.com\/wp-content\/uploads\/2023\/11\/Revista-RLE18.jpg?resize=1400%2C800&ssl=1 4x"},"classes":[]},{"id":1309,"url":"https:\/\/repensandolaeducacion.alopadres.com\/index.php\/edicion-19\/","url_meta":{"origin":819,"position":3},"title":"Edici\u00f3n 19","author":"repensando","date":"14 de junio de 2024","format":false,"excerpt":"REVISTA DIGITAL REPENSANDO LA EDUCACI\u00d3NISSN: 2744-8754 (En l\u00ednea) Edici\u00f3n 19 Cota, ColombiaAbril-mayo de 2024DIRECCI\u00d3N GENERALGladys Elisa Salas CDIRECCI\u00d3N EDITORIALGladys Elisa Salas Cgladys.salas.c@gmail.comCORRECCI\u00d3N DE ESTILOElisa Stephania AlvaradoDISE\u00d1O GR\u00c1FICOGladys SalasFOTOSAplicaci\u00f3n Canva, y algunas facilitadas por los colaboradores.La Revista REPENSANDO LA EDUCACI\u00d3N no hace necesariamente suyas las opiniones y criterios expresados por sus\u2026","rel":"","context":"Entrada similar","block_context":{"text":"Entrada similar","link":""},"img":{"alt_text":"","src":"https:\/\/i0.wp.com\/repensandolaeducacion.alopadres.com\/wp-content\/uploads\/2024\/04\/Revista-RLE19.jpg?resize=350%2C200&ssl=1","width":350,"height":200,"srcset":"https:\/\/i0.wp.com\/repensandolaeducacion.alopadres.com\/wp-content\/uploads\/2024\/04\/Revista-RLE19.jpg?resize=350%2C200&ssl=1 1x, https:\/\/i0.wp.com\/repensandolaeducacion.alopadres.com\/wp-content\/uploads\/2024\/04\/Revista-RLE19.jpg?resize=525%2C300&ssl=1 1.5x, https:\/\/i0.wp.com\/repensandolaeducacion.alopadres.com\/wp-content\/uploads\/2024\/04\/Revista-RLE19.jpg?resize=700%2C400&ssl=1 2x, https:\/\/i0.wp.com\/repensandolaeducacion.alopadres.com\/wp-content\/uploads\/2024\/04\/Revista-RLE19.jpg?resize=1050%2C600&ssl=1 3x, https:\/\/i0.wp.com\/repensandolaeducacion.alopadres.com\/wp-content\/uploads\/2024\/04\/Revista-RLE19.jpg?resize=1400%2C800&ssl=1 4x"},"classes":[]},{"id":617,"url":"https:\/\/repensandolaeducacion.alopadres.com\/index.php\/edicion-17\/","url_meta":{"origin":819,"position":4},"title":"Edici\u00f3n 17","author":"repensando","date":"1 de octubre de 2023","format":false,"excerpt":"REVISTA DIGITAL REPENSANDO LA EDUCACI\u00d3NISSN: 2744-8754 (En l\u00ednea) Edici\u00f3n 17 Cota, ColombiaOctubre-noviembre de 2023DIRECCI\u00d3N GENERALGladys Elisa Salas CDIRECCI\u00d3N EDITORIALGladys Elisa Salas Cgladys.salas.c@gmail.comCORRECCI\u00d3N DE ESTILOElisa Stephania AlvaradoDISE\u00d1O GR\u00c1FICOGladys SalasFOTOSAplicaci\u00f3n Canva, y algunas facilitadas por los colaboradores.La Revista REPENSANDO LA EDUCACI\u00d3N no hace necesariamente suyas las opiniones y criterios expresados por sus\u2026","rel":"","context":"Entrada similar","block_context":{"text":"Entrada similar","link":""},"img":{"alt_text":"","src":"https:\/\/i0.wp.com\/repensandolaeducacion.alopadres.com\/wp-content\/uploads\/2023\/11\/Revista-RLE17-1.jpg?resize=350%2C200&ssl=1","width":350,"height":200,"srcset":"https:\/\/i0.wp.com\/repensandolaeducacion.alopadres.com\/wp-content\/uploads\/2023\/11\/Revista-RLE17-1.jpg?resize=350%2C200&ssl=1 1x, https:\/\/i0.wp.com\/repensandolaeducacion.alopadres.com\/wp-content\/uploads\/2023\/11\/Revista-RLE17-1.jpg?resize=525%2C300&ssl=1 1.5x, https:\/\/i0.wp.com\/repensandolaeducacion.alopadres.com\/wp-content\/uploads\/2023\/11\/Revista-RLE17-1.jpg?resize=700%2C400&ssl=1 2x, https:\/\/i0.wp.com\/repensandolaeducacion.alopadres.com\/wp-content\/uploads\/2023\/11\/Revista-RLE17-1.jpg?resize=1050%2C600&ssl=1 3x, https:\/\/i0.wp.com\/repensandolaeducacion.alopadres.com\/wp-content\/uploads\/2023\/11\/Revista-RLE17-1.jpg?resize=1400%2C800&ssl=1 4x"},"classes":[]}],"jetpack_sharing_enabled":true,"_links":{"self":[{"href":"https:\/\/repensandolaeducacion.alopadres.com\/index.php\/wp-json\/wp\/v2\/pages\/819","targetHints":{"allow":["GET"]}}],"collection":[{"href":"https:\/\/repensandolaeducacion.alopadres.com\/index.php\/wp-json\/wp\/v2\/pages"}],"about":[{"href":"https:\/\/repensandolaeducacion.alopadres.com\/index.php\/wp-json\/wp\/v2\/types\/page"}],"author":[{"embeddable":true,"href":"https:\/\/repensandolaeducacion.alopadres.com\/index.php\/wp-json\/wp\/v2\/users\/1"}],"replies":[{"embeddable":true,"href":"https:\/\/repensandolaeducacion.alopadres.com\/index.php\/wp-json\/wp\/v2\/comments?post=819"}],"version-history":[{"count":13,"href":"https:\/\/repensandolaeducacion.alopadres.com\/index.php\/wp-json\/wp\/v2\/pages\/819\/revisions"}],"predecessor-version":[{"id":842,"href":"https:\/\/repensandolaeducacion.alopadres.com\/index.php\/wp-json\/wp\/v2\/pages\/819\/revisions\/842"}],"wp:featuredmedia":[{"embeddable":true,"href":"https:\/\/repensandolaeducacion.alopadres.com\/index.php\/wp-json\/wp\/v2\/media\/752"}],"wp:attachment":[{"href":"https:\/\/repensandolaeducacion.alopadres.com\/index.php\/wp-json\/wp\/v2\/media?parent=819"}],"wp:term":[{"taxonomy":"author","embeddable":true,"href":"https:\/\/repensandolaeducacion.alopadres.com\/index.php\/wp-json\/wp\/v2\/coauthors?post=819"}],"curies":[{"name":"wp","href":"https:\/\/api.w.org\/{rel}","templated":true}]}}