{"id":1593,"date":"2024-09-19T17:24:22","date_gmt":"2024-09-19T15:24:22","guid":{"rendered":"https:\/\/repensandolaeducacion.alopadres.com\/?page_id=1593"},"modified":"2024-11-15T16:55:50","modified_gmt":"2024-11-15T15:55:50","slug":"festival-de-literatura-de-cota-el-carnaval-de-las-palabras","status":"publish","type":"page","link":"https:\/\/repensandolaeducacion.alopadres.com\/index.php\/festival-de-literatura-de-cota-el-carnaval-de-las-palabras\/","title":{"rendered":"Festival de literatura de Cota. \u00abEl carnaval de las palabras\u00bb"},"content":{"rendered":"\t\t<div data-elementor-type=\"wp-page\" data-elementor-id=\"1593\" class=\"elementor elementor-1593\">\n\t\t\t\t<div class=\"elementor-element elementor-element-13231da elementor-hidden-tablet elementor-hidden-mobile e-flex e-con-boxed e-con e-parent\" data-id=\"13231da\" data-element_type=\"container\" data-e-type=\"container\" data-settings=\"{&quot;background_background&quot;:&quot;classic&quot;}\">\n\t\t\t\t\t<div class=\"e-con-inner\">\n\t\t<div class=\"elementor-element elementor-element-bcad030 e-con-full e-flex e-con e-child\" data-id=\"bcad030\" data-element_type=\"container\" data-e-type=\"container\">\n\t\t\t\t<div class=\"elementor-element elementor-element-a78d9e4 elementor-fixed e-transform e-transform e-transform elementor-hidden-tablet elementor-hidden-mobile elementor-widget elementor-widget-text-editor\" data-id=\"a78d9e4\" data-element_type=\"widget\" data-e-type=\"widget\" data-settings=\"{&quot;_position&quot;:&quot;fixed&quot;,&quot;_transform_rotateZ_effect&quot;:{&quot;unit&quot;:&quot;px&quot;,&quot;size&quot;:-90,&quot;sizes&quot;:[]},&quot;_transform_translateX_effect&quot;:{&quot;unit&quot;:&quot;px&quot;,&quot;size&quot;:-282,&quot;sizes&quot;:[]},&quot;_transform_translateY_effect&quot;:{&quot;unit&quot;:&quot;px&quot;,&quot;size&quot;:0,&quot;sizes&quot;:[]},&quot;_transform_scale_effect&quot;:{&quot;unit&quot;:&quot;px&quot;,&quot;size&quot;:1.6,&quot;sizes&quot;:[]},&quot;_transform_rotateZ_effect_tablet&quot;:{&quot;unit&quot;:&quot;deg&quot;,&quot;size&quot;:&quot;&quot;,&quot;sizes&quot;:[]},&quot;_transform_rotateZ_effect_mobile&quot;:{&quot;unit&quot;:&quot;deg&quot;,&quot;size&quot;:&quot;&quot;,&quot;sizes&quot;:[]},&quot;_transform_translateX_effect_tablet&quot;:{&quot;unit&quot;:&quot;px&quot;,&quot;size&quot;:&quot;&quot;,&quot;sizes&quot;:[]},&quot;_transform_translateX_effect_mobile&quot;:{&quot;unit&quot;:&quot;px&quot;,&quot;size&quot;:&quot;&quot;,&quot;sizes&quot;:[]},&quot;_transform_translateY_effect_tablet&quot;:{&quot;unit&quot;:&quot;px&quot;,&quot;size&quot;:&quot;&quot;,&quot;sizes&quot;:[]},&quot;_transform_translateY_effect_mobile&quot;:{&quot;unit&quot;:&quot;px&quot;,&quot;size&quot;:&quot;&quot;,&quot;sizes&quot;:[]},&quot;_transform_scale_effect_tablet&quot;:{&quot;unit&quot;:&quot;px&quot;,&quot;size&quot;:&quot;&quot;,&quot;sizes&quot;:[]},&quot;_transform_scale_effect_mobile&quot;:{&quot;unit&quot;:&quot;px&quot;,&quot;size&quot;:&quot;&quot;,&quot;sizes&quot;:[]}}\" data-widget_type=\"text-editor.default\">\n\t\t\t\t<div class=\"elementor-widget-container\">\n\t\t\t\t\t\t\t\t\t<a href=\"#Programa\">Programaci\u00f3n 2024<\/a>\t\t\t\t\t\t\t\t<\/div>\n\t\t\t\t<\/div>\n\t\t\t\t<\/div>\n\t\t<div class=\"elementor-element elementor-element-327df13 e-con-full e-flex e-con e-child\" data-id=\"327df13\" data-element_type=\"container\" data-e-type=\"container\">\n\t\t\t\t<div class=\"elementor-element elementor-element-842c353 elementor-widget__width-initial e-transform elementor-widget elementor-widget-heading\" data-id=\"842c353\" data-element_type=\"widget\" data-e-type=\"widget\" data-settings=\"{&quot;_transform_rotateZ_effect&quot;:{&quot;unit&quot;:&quot;px&quot;,&quot;size&quot;:-90,&quot;sizes&quot;:[]},&quot;_transform_rotateZ_effect_tablet&quot;:{&quot;unit&quot;:&quot;deg&quot;,&quot;size&quot;:&quot;&quot;,&quot;sizes&quot;:[]},&quot;_transform_rotateZ_effect_mobile&quot;:{&quot;unit&quot;:&quot;deg&quot;,&quot;size&quot;:&quot;&quot;,&quot;sizes&quot;:[]}}\" data-widget_type=\"heading.default\">\n\t\t\t\t<div class=\"elementor-widget-container\">\n\t\t\t\t\t<h2 class=\"elementor-heading-title elementor-size-default\">2024<\/h2>\t\t\t\t<\/div>\n\t\t\t\t<\/div>\n\t\t\t\t<\/div>\n\t\t<div class=\"elementor-element elementor-element-5fb261a e-con-full e-flex e-con e-child\" data-id=\"5fb261a\" data-element_type=\"container\" data-e-type=\"container\">\n\t\t\t\t<div class=\"elementor-element elementor-element-bd9ab9f elementor-widget elementor-widget-text-editor\" data-id=\"bd9ab9f\" data-element_type=\"widget\" data-e-type=\"widget\" data-widget_type=\"text-editor.default\">\n\t\t\t\t<div class=\"elementor-widget-container\">\n\t\t\t\t\t\t\t\t\t<h1><strong>Festival de literatura de Cota.<\/strong><\/h1><h1><strong>\u00abEl carnaval de las palabras\u00bb<\/strong><\/h1><p>12 al 14 de octubre<\/p><p><span class=\"OYPEnA font-feature-liga-off font-feature-clig-off font-feature-calt-off text-decoration-none text-strikethrough-none\">Ganador del portafolio de est\u00edmulos \u201cCota es cultura y arte 2024\u201d<\/span><\/p>\t\t\t\t\t\t\t\t<\/div>\n\t\t\t\t<\/div>\n\t\t\t\t<\/div>\n\t\t<div class=\"elementor-element elementor-element-231e1c9 e-con-full e-flex e-con e-child\" data-id=\"231e1c9\" data-element_type=\"container\" data-e-type=\"container\">\n\t\t\t\t<\/div>\n\t\t\t\t\t<\/div>\n\t\t\t\t<\/div>\n\t\t<div class=\"elementor-element elementor-element-cde0a36 elementor-hidden-tablet elementor-hidden-mobile e-flex e-con-boxed e-con e-parent\" data-id=\"cde0a36\" data-element_type=\"container\" data-e-type=\"container\" data-settings=\"{&quot;background_background&quot;:&quot;classic&quot;}\">\n\t\t\t\t\t<div class=\"e-con-inner\">\n\t\t\t\t\t<\/div>\n\t\t\t\t<\/div>\n\t\t<div class=\"elementor-element elementor-element-29f01c7 elementor-hidden-desktop e-flex e-con-boxed e-con e-parent\" data-id=\"29f01c7\" data-element_type=\"container\" data-e-type=\"container\" data-settings=\"{&quot;background_background&quot;:&quot;classic&quot;}\">\n\t\t\t\t\t<div class=\"e-con-inner\">\n\t\t\t\t<div class=\"elementor-element elementor-element-f348f13 elementor-hidden-desktop elementor-widget elementor-widget-text-editor\" data-id=\"f348f13\" data-element_type=\"widget\" data-e-type=\"widget\" data-widget_type=\"text-editor.default\">\n\t\t\t\t<div class=\"elementor-widget-container\">\n\t\t\t\t\t\t\t\t\t<h6><strong>Festival de literatura de Cota.<\/strong><\/h6><h6><strong>\u00abEl carnaval de las palabras\u00bb<\/strong><\/h6><p>12 al 14 de octubre<\/p><p><span class=\"OYPEnA font-feature-liga-off font-feature-clig-off font-feature-calt-off text-decoration-none text-strikethrough-none\">Ganador del portafolio de est\u00edmulos \u201cCota es cultura y arte 2024\u201d<\/span><\/p><p><strong><span style=\"color: #000000;\">2024<\/span><\/strong><\/p>\t\t\t\t\t\t\t\t<\/div>\n\t\t\t\t<\/div>\n\t\t\t\t\t<\/div>\n\t\t\t\t<\/div>\n\t\t<div class=\"elementor-element elementor-element-9ba1c52 elementor-hidden-desktop e-flex e-con-boxed e-con e-parent\" data-id=\"9ba1c52\" data-element_type=\"container\" data-e-type=\"container\" data-settings=\"{&quot;background_background&quot;:&quot;classic&quot;}\">\n\t\t\t\t\t<div class=\"e-con-inner\">\n\t\t\t\t<div class=\"elementor-element elementor-element-2b4e5d5 elementor-mobile-align-center elementor-hidden-desktop elementor-widget elementor-widget-button\" data-id=\"2b4e5d5\" data-element_type=\"widget\" data-e-type=\"widget\" data-widget_type=\"button.default\">\n\t\t\t\t<div class=\"elementor-widget-container\">\n\t\t\t\t\t\t\t\t\t<div class=\"elementor-button-wrapper\">\n\t\t\t\t\t<a class=\"elementor-button elementor-button-link elementor-size-sm\" href=\"#Programa\">\n\t\t\t\t\t\t<span class=\"elementor-button-content-wrapper\">\n\t\t\t\t\t\t\t\t\t<span class=\"elementor-button-text\">Programaci\u00f3n<\/span>\n\t\t\t\t\t<\/span>\n\t\t\t\t\t<\/a>\n\t\t\t\t<\/div>\n\t\t\t\t\t\t\t\t<\/div>\n\t\t\t\t<\/div>\n\t\t\t\t\t<\/div>\n\t\t\t\t<\/div>\n\t\t<div class=\"elementor-element elementor-element-7b42e1e elementor-hidden-desktop e-flex e-con-boxed e-con e-parent\" data-id=\"7b42e1e\" data-element_type=\"container\" data-e-type=\"container\" data-settings=\"{&quot;background_background&quot;:&quot;classic&quot;}\">\n\t\t\t\t\t<div class=\"e-con-inner\">\n\t\t\t\t<div class=\"elementor-element elementor-element-e64c2eb elementor-widget__width-initial elementor-widget elementor-widget-text-editor\" data-id=\"e64c2eb\" data-element_type=\"widget\" data-e-type=\"widget\" data-widget_type=\"text-editor.default\">\n\t\t\t\t<div class=\"elementor-widget-container\">\n\t\t\t\t\t\t\t\t\t<p><strong>12 actividades con ingreso libre<\/strong><\/p><p><span class=\"OYPEnA font-feature-liga-off font-feature-clig-off font-feature-calt-off text-decoration-none text-strikethrough-none\">Presentaciones de libros.<\/span><\/p><p><span class=\"OYPEnA font-feature-liga-off font-feature-clig-off font-feature-calt-off text-decoration-none text-strikethrough-none\">Di\u00e1logos<\/span><\/p><p>Talleres de creaci\u00f3n<\/p><p>Talleres de improvisaci\u00f3n<\/p><p>Feria de colectivos nacionales<\/p><p><span class=\"OYPEnA font-feature-liga-off font-feature-clig-off font-feature-calt-off text-decoration-none text-strikethrough-none\">Autores nacionales e internacionales<\/span><\/p>\t\t\t\t\t\t\t\t<\/div>\n\t\t\t\t<\/div>\n\t\t\t\t\t<\/div>\n\t\t\t\t<\/div>\n\t\t<div class=\"elementor-element elementor-element-66e4f11 elementor-hidden-tablet elementor-hidden-mobile e-flex e-con-boxed e-con e-parent\" data-id=\"66e4f11\" data-element_type=\"container\" data-e-type=\"container\" data-settings=\"{&quot;background_background&quot;:&quot;classic&quot;}\">\n\t\t\t\t\t<div class=\"e-con-inner\">\n\t\t<div class=\"elementor-element elementor-element-60569cb e-con-full e-flex e-con e-child\" data-id=\"60569cb\" data-element_type=\"container\" data-e-type=\"container\">\n\t\t\t\t<\/div>\n\t\t<div class=\"elementor-element elementor-element-3cf9b27 e-con-full e-flex e-con e-child\" data-id=\"3cf9b27\" data-element_type=\"container\" data-e-type=\"container\">\n\t\t\t\t<div class=\"elementor-element elementor-element-ffa65ab elementor-widget__width-initial elementor-widget elementor-widget-text-editor\" data-id=\"ffa65ab\" data-element_type=\"widget\" data-e-type=\"widget\" data-widget_type=\"text-editor.default\">\n\t\t\t\t<div class=\"elementor-widget-container\">\n\t\t\t\t\t\t\t\t\t<p><strong>12 actividades con ingreso libre<\/strong><\/p><p><span class=\"OYPEnA font-feature-liga-off font-feature-clig-off font-feature-calt-off text-decoration-none text-strikethrough-none\">Presentaciones de libros<\/span><\/p><p><span class=\"OYPEnA font-feature-liga-off font-feature-clig-off font-feature-calt-off text-decoration-none text-strikethrough-none\">Di\u00e1logos<\/span><\/p><p>Talleres de creaci\u00f3n<\/p><p>Talleres de improvisaci\u00f3n<\/p><p>Feria de colectivos nacionales<\/p><p><span class=\"OYPEnA font-feature-liga-off font-feature-clig-off font-feature-calt-off text-decoration-none text-strikethrough-none\">Autores nacionales e internacionales<\/span><\/p>\t\t\t\t\t\t\t\t<\/div>\n\t\t\t\t<\/div>\n\t\t\t\t<\/div>\n\t\t<div class=\"elementor-element elementor-element-cf379d2 e-con-full e-flex e-con e-child\" data-id=\"cf379d2\" data-element_type=\"container\" data-e-type=\"container\">\n\t\t\t\t<\/div>\n\t\t<div class=\"elementor-element elementor-element-af4ab8f e-con-full e-flex e-con e-child\" data-id=\"af4ab8f\" data-element_type=\"container\" data-e-type=\"container\">\n\t\t\t\t<\/div>\n\t\t<div class=\"elementor-element elementor-element-5ec7c5d e-con-full e-flex e-con e-child\" data-id=\"5ec7c5d\" data-element_type=\"container\" data-e-type=\"container\">\n\t\t\t\t<\/div>\n\t\t\t\t\t<\/div>\n\t\t\t\t<\/div>\n\t\t<div class=\"elementor-element elementor-element-1bf3e12 he-sticky-container-yes e-transform elementor-hidden-tablet elementor-hidden-mobile e-flex e-con-boxed e-con e-parent\" data-id=\"1bf3e12\" data-element_type=\"container\" data-e-type=\"container\" data-settings=\"{&quot;background_background&quot;:&quot;classic&quot;,&quot;hash_elements_sticky_container&quot;:&quot;yes&quot;,&quot;_transform_skewX_effect&quot;:{&quot;unit&quot;:&quot;px&quot;,&quot;size&quot;:&quot;&quot;,&quot;sizes&quot;:[]},&quot;_transform_skewX_effect_tablet&quot;:{&quot;unit&quot;:&quot;deg&quot;,&quot;size&quot;:&quot;&quot;,&quot;sizes&quot;:[]},&quot;_transform_skewX_effect_mobile&quot;:{&quot;unit&quot;:&quot;deg&quot;,&quot;size&quot;:&quot;&quot;,&quot;sizes&quot;:[]},&quot;_transform_skewY_effect&quot;:{&quot;unit&quot;:&quot;px&quot;,&quot;size&quot;:&quot;&quot;,&quot;sizes&quot;:[]},&quot;_transform_skewY_effect_tablet&quot;:{&quot;unit&quot;:&quot;deg&quot;,&quot;size&quot;:&quot;&quot;,&quot;sizes&quot;:[]},&quot;_transform_skewY_effect_mobile&quot;:{&quot;unit&quot;:&quot;deg&quot;,&quot;size&quot;:&quot;&quot;,&quot;sizes&quot;:[]}}\">\n\t\t\t\t\t<div class=\"e-con-inner\">\n\t\t\t\t\t<\/div>\n\t\t\t\t<\/div>\n\t\t<div class=\"elementor-element elementor-element-59ad00e he-sticky-container-yes e-transform elementor-hidden-desktop e-flex e-con-boxed e-con e-parent\" data-id=\"59ad00e\" data-element_type=\"container\" data-e-type=\"container\" data-settings=\"{&quot;background_background&quot;:&quot;classic&quot;,&quot;hash_elements_sticky_container&quot;:&quot;yes&quot;,&quot;_transform_skewX_effect&quot;:{&quot;unit&quot;:&quot;px&quot;,&quot;size&quot;:&quot;&quot;,&quot;sizes&quot;:[]},&quot;_transform_skewX_effect_tablet&quot;:{&quot;unit&quot;:&quot;deg&quot;,&quot;size&quot;:&quot;&quot;,&quot;sizes&quot;:[]},&quot;_transform_skewX_effect_mobile&quot;:{&quot;unit&quot;:&quot;deg&quot;,&quot;size&quot;:&quot;&quot;,&quot;sizes&quot;:[]},&quot;_transform_skewY_effect&quot;:{&quot;unit&quot;:&quot;px&quot;,&quot;size&quot;:&quot;&quot;,&quot;sizes&quot;:[]},&quot;_transform_skewY_effect_tablet&quot;:{&quot;unit&quot;:&quot;deg&quot;,&quot;size&quot;:&quot;&quot;,&quot;sizes&quot;:[]},&quot;_transform_skewY_effect_mobile&quot;:{&quot;unit&quot;:&quot;deg&quot;,&quot;size&quot;:&quot;&quot;,&quot;sizes&quot;:[]}}\">\n\t\t\t\t\t<div class=\"e-con-inner\">\n\t\t\t\t\t<\/div>\n\t\t\t\t<\/div>\n\t\t<div class=\"elementor-element elementor-element-2496e08 elementor-hidden-desktop e-flex e-con-boxed e-con e-parent\" data-id=\"2496e08\" data-element_type=\"container\" data-e-type=\"container\" data-settings=\"{&quot;background_background&quot;:&quot;classic&quot;}\">\n\t\t\t\t\t<div class=\"e-con-inner\">\n\t\t\t\t\t<\/div>\n\t\t\t\t<\/div>\n\t\t<div class=\"elementor-element elementor-element-9bc622a elementor-hidden-desktop e-flex e-con-boxed e-con e-parent\" data-id=\"9bc622a\" data-element_type=\"container\" data-e-type=\"container\" data-settings=\"{&quot;background_background&quot;:&quot;classic&quot;}\">\n\t\t\t\t\t<div class=\"e-con-inner\">\n\t\t\t\t<div class=\"elementor-element elementor-element-10e6047 elementor-widget elementor-widget-text-editor\" data-id=\"10e6047\" data-element_type=\"widget\" data-e-type=\"widget\" data-widget_type=\"text-editor.default\">\n\t\t\t\t<div class=\"elementor-widget-container\">\n\t\t\t\t\t\t\t\t\t<p>El festival de literatura \u00abel carnaval de las palabras\u00bb, es <span style=\"font-weight: 500;\">un espacio f\u00edsico y amplio para enlazar con colectivos y escritores; y as\u00ed generar un encuentro que d\u00e9 un espacio al cuerpo y a la palabra desde el movimiento.<\/span> Es un festival con personas que cuentan historias, escriben poes\u00eda, ense\u00f1an, gestoras del \u00e1rea<span style=\"font-weight: 500;\">. As\u00ed se une lo escrito y la producci\u00f3n oral, un gran todo que se teje\u00a0<\/span><span style=\"font-weight: 500;\">as\u00ed mismo y en conjunto.<\/span><\/p>\t\t\t\t\t\t\t\t<\/div>\n\t\t\t\t<\/div>\n\t\t\t\t\t<\/div>\n\t\t\t\t<\/div>\n\t\t<div class=\"elementor-element elementor-element-ea39c7f elementor-hidden-tablet elementor-hidden-mobile e-flex e-con-boxed e-con e-parent\" data-id=\"ea39c7f\" data-element_type=\"container\" data-e-type=\"container\" data-settings=\"{&quot;background_background&quot;:&quot;classic&quot;}\">\n\t\t\t\t\t<div class=\"e-con-inner\">\n\t\t<div class=\"elementor-element elementor-element-b63c405 e-con-full e-flex e-con e-child\" data-id=\"b63c405\" data-element_type=\"container\" data-e-type=\"container\">\n\t\t\t\t<\/div>\n\t\t<div class=\"elementor-element elementor-element-7005005 e-con-full e-flex e-con e-child\" data-id=\"7005005\" data-element_type=\"container\" data-e-type=\"container\">\n\t\t\t\t<div class=\"elementor-element elementor-element-b2c6350 elementor-widget elementor-widget-text-editor\" data-id=\"b2c6350\" data-element_type=\"widget\" data-e-type=\"widget\" data-widget_type=\"text-editor.default\">\n\t\t\t\t<div class=\"elementor-widget-container\">\n\t\t\t\t\t\t\t\t\t<p>El festival de literatura \u00abel carnaval de las palabras\u00bb, es <span style=\"font-weight: 500;\">un espacio f\u00edsico y amplio para enlazar con colectivos y escritores; y as\u00ed generar un encuentro que d\u00e9 un espacio al cuerpo y a la palabra desde el movimiento.<\/span> Es un festival con personas que cuentan historias, escriben poes\u00eda, ense\u00f1an, gestoras del \u00e1rea<span style=\"font-weight: 500;\">. As\u00ed se une lo escrito y la producci\u00f3n oral, un gran todo que se teje\u00a0<\/span><span style=\"font-weight: 500;\">as\u00ed mismo y en conjunto.<\/span><\/p>\t\t\t\t\t\t\t\t<\/div>\n\t\t\t\t<\/div>\n\t\t\t\t<\/div>\n\t\t<div class=\"elementor-element elementor-element-759f776 e-con-full e-flex e-con e-child\" data-id=\"759f776\" data-element_type=\"container\" data-e-type=\"container\">\n\t\t\t\t<\/div>\n\t\t\t\t\t<\/div>\n\t\t\t\t<\/div>\n\t\t<div class=\"elementor-element elementor-element-43f70a6 elementor-hidden-tablet elementor-hidden-mobile e-flex e-con-boxed e-con e-parent\" data-id=\"43f70a6\" data-element_type=\"container\" data-e-type=\"container\" data-settings=\"{&quot;background_background&quot;:&quot;classic&quot;}\">\n\t\t\t\t\t<div class=\"e-con-inner\">\n\t\t<div class=\"elementor-element elementor-element-b277504 e-con-full e-flex e-con e-child\" data-id=\"b277504\" data-element_type=\"container\" data-e-type=\"container\">\n\t\t\t\t<div class=\"elementor-element elementor-element-de43773 elementor-hidden-tablet elementor-hidden-mobile elementor-widget__width-initial elementor-widget elementor-widget-text-editor\" data-id=\"de43773\" data-element_type=\"widget\" data-e-type=\"widget\" data-widget_type=\"text-editor.default\">\n\t\t\t\t<div class=\"elementor-widget-container\">\n\t\t\t\t\t\t\t\t\t<h3>S\u00e1bado 12 de octubre<\/h3><ul><li><span data-sheets-formula-bar-text-style=\"font-size:15px;color:#000000;font-weight:bold;text-decoration:none;font-family:''Times New Roman'';font-style:normal;text-decoration-skip-ink:none;\">Las palabras suenan ch\u00e9vere, Ana Mar\u00eda Hern\u00e1ndez Moscoso. <span class=\"OYPEnA font-feature-liga-off font-feature-clig-off font-feature-calt-off text-decoration-none text-strikethrough-none\">Ni\u00f1os de 6 a 12 a\u00f1os<\/span><\/span><\/li><li>Tratado sobre lo min\u00fasculo, Jessica Tolosa. <span class=\"OYPEnA font-feature-liga-off font-feature-clig-off font-feature-calt-off text-decoration-none text-strikethrough-none\">Todo p\u00fablico<\/span><\/li><li><span data-sheets-formula-bar-text-style=\"font-size:15px;color:#000000;font-weight:normal;text-decoration:none;font-family:'Times New Roman';font-style:normal;text-decoration-skip-ink:none;\">Taller de improvisaci\u00f3n teatral, colectivo La Novia. <span class=\"OYPEnA font-feature-liga-off font-feature-clig-off font-feature-calt-off text-decoration-none text-strikethrough-none\">Desde los 7 a\u00f1os<\/span><\/span><\/li><li>Cartograf\u00eda de la luz: cuatro puntos cardinales de la poes\u00eda con Henry Alexander G\u00f3mez. <span class=\"OYPEnA font-feature-liga-off font-feature-clig-off font-feature-calt-off text-decoration-none text-strikethrough-none\">J\u00f3venes y adultos<\/span><\/li><\/ul>\t\t\t\t\t\t\t\t<\/div>\n\t\t\t\t<\/div>\n\t\t\t\t<\/div>\n\t\t<div class=\"elementor-element elementor-element-cdedf27 e-con-full e-flex e-con e-child\" data-id=\"cdedf27\" data-element_type=\"container\" data-e-type=\"container\">\n\t\t\t\t<\/div>\n\t\t<div class=\"elementor-element elementor-element-05c45cf e-con-full e-flex e-con e-child\" data-id=\"05c45cf\" data-element_type=\"container\" data-e-type=\"container\">\n\t\t\t\t<\/div>\n\t\t<div class=\"elementor-element elementor-element-b0c576f e-con-full e-flex e-con e-child\" data-id=\"b0c576f\" data-element_type=\"container\" data-e-type=\"container\">\n\t\t\t\t<\/div>\n\t\t<div class=\"elementor-element elementor-element-1a9dc95 e-con-full e-flex e-con e-child\" data-id=\"1a9dc95\" data-element_type=\"container\" data-e-type=\"container\">\n\t\t\t\t<div class=\"elementor-element elementor-element-af6538e elementor-hidden-tablet elementor-hidden-mobile elementor-widget__width-initial elementor-widget elementor-widget-text-editor\" data-id=\"af6538e\" data-element_type=\"widget\" data-e-type=\"widget\" data-widget_type=\"text-editor.default\">\n\t\t\t\t<div class=\"elementor-widget-container\">\n\t\t\t\t\t\t\t\t\t<h3>Domingo 13 de octubre<\/h3><ul><li>Feria de colectivos nacionales. <span class=\"OYPEnA font-feature-liga-off font-feature-clig-off font-feature-calt-off text-decoration-none text-strikethrough-none\">Todo p\u00fablico<\/span><\/li><li>El fanzine (espejo) que me representa, Mateo Sanabria del colectivo Letray-Legal. <span class=\"OYPEnA font-feature-liga-off font-feature-clig-off font-feature-calt-off text-decoration-none text-strikethrough-none\">Desde los 14 a\u00f1os<\/span><\/li><li>Conversatorio: presentaci\u00f3n del libro Los ciclos de la margarita, <span style=\"font-weight: 500;\">Angie Paola Pedrozo. <span class=\"OYPEnA font-feature-liga-off font-feature-clig-off font-feature-calt-off text-decoration-none text-strikethrough-none\">Desde los 14 a\u00f1os.<\/span><\/span><\/li><li>Conversatorio: Los caminos de la imaginaci\u00f3n en el libro infantil, Jacobo Viveros Granja. <span class=\"OYPEnA font-feature-liga-off font-feature-clig-off font-feature-calt-off text-decoration-none text-strikethrough-none\">Todo p\u00fablico<\/span><\/li><li>Conversatorio: presentaci\u00f3n de los libros Beb\u00e9s brillantes, <span style=\"font-weight: 500;\">Juan Carlos C\u00e1rdenas. <span class=\"OYPEnA font-feature-liga-off font-feature-clig-off font-feature-calt-off text-decoration-none text-strikethrough-none\">Maestros, padres de familia<\/span><\/span><\/li><\/ul>\t\t\t\t\t\t\t\t<\/div>\n\t\t\t\t<\/div>\n\t\t\t\t<\/div>\n\t\t<div class=\"elementor-element elementor-element-348af73 e-con-full e-flex e-con e-child\" data-id=\"348af73\" data-element_type=\"container\" data-e-type=\"container\">\n\t\t\t\t<\/div>\n\t\t<div class=\"elementor-element elementor-element-4d114ac e-con-full e-flex e-con e-child\" data-id=\"4d114ac\" data-element_type=\"container\" data-e-type=\"container\">\n\t\t\t\t<\/div>\n\t\t<div class=\"elementor-element elementor-element-cb49a9d e-con-full e-flex e-con e-child\" data-id=\"cb49a9d\" data-element_type=\"container\" data-e-type=\"container\">\n\t\t\t\t<\/div>\n\t\t<div class=\"elementor-element elementor-element-9eafa61 e-con-full e-flex e-con e-child\" data-id=\"9eafa61\" data-element_type=\"container\" data-e-type=\"container\">\n\t\t\t\t<div class=\"elementor-element elementor-element-5776e2b elementor-hidden-tablet elementor-hidden-mobile elementor-widget__width-initial elementor-widget elementor-widget-text-editor\" data-id=\"5776e2b\" data-element_type=\"widget\" data-e-type=\"widget\" data-widget_type=\"text-editor.default\">\n\t\t\t\t<div class=\"elementor-widget-container\">\n\t\t\t\t\t\t\t\t\t<h3>Lunes 14 de octubre<\/h3><ul><li>Taller: Peri\u00f3dico literario plantario -New Roman Times -colectivo la Cuarta raya del Tigre . <span class=\"OYPEnA font-feature-liga-off font-feature-clig-off font-feature-calt-off text-decoration-none text-strikethrough-none\">Desde los 14 a\u00f1os<\/span><\/li><li>Taller: creaci\u00f3n po\u00e9tica \u201cLa nitidez secreta de las cosas\u201d, Sandra Uribe P\u00e9rez. Desde los 14 a\u00f1os<\/li><li>Presentaci\u00f3n del poemario \u201cYo tambi\u00e9n no tengo piernas\u201d Diego Armando Pe\u00f1a. Desde los 14 a\u00f1os<\/li><\/ul>\t\t\t\t\t\t\t\t<\/div>\n\t\t\t\t<\/div>\n\t\t\t\t<\/div>\n\t\t\t\t\t<\/div>\n\t\t\t\t<\/div>\n\t\t<div class=\"elementor-element elementor-element-e7e2dfd elementor-hidden-desktop e-flex e-con-boxed e-con e-parent\" data-id=\"e7e2dfd\" data-element_type=\"container\" data-e-type=\"container\" data-settings=\"{&quot;background_background&quot;:&quot;classic&quot;}\">\n\t\t\t\t\t<div class=\"e-con-inner\">\n\t\t<div class=\"elementor-element elementor-element-5cff2b6 e-con-full e-flex e-con e-child\" data-id=\"5cff2b6\" data-element_type=\"container\" data-e-type=\"container\">\n\t\t\t\t<div class=\"elementor-element elementor-element-da1b215 elementor-hidden-desktop elementor-widget elementor-widget-text-editor\" data-id=\"da1b215\" data-element_type=\"widget\" data-e-type=\"widget\" data-widget_type=\"text-editor.default\">\n\t\t\t\t<div class=\"elementor-widget-container\">\n\t\t\t\t\t\t\t\t\t<h6>S\u00e1bado 12 de octubre<\/h6><ul><li><span data-sheets-formula-bar-text-style=\"font-size:15px;color:#000000;font-weight:bold;text-decoration:none;font-family:''Times New Roman'';font-style:normal;text-decoration-skip-ink:none;\">Las palabras suenan ch\u00e9vere, Ana Mar\u00eda Hern\u00e1ndez Moscoso. <span class=\"OYPEnA font-feature-liga-off font-feature-clig-off font-feature-calt-off text-decoration-none text-strikethrough-none\">Ni\u00f1os de 6 a 12 a\u00f1os<\/span><\/span><\/li><li>Tratado sobre lo min\u00fasculo, Jessica Tolosa. <span class=\"OYPEnA font-feature-liga-off font-feature-clig-off font-feature-calt-off text-decoration-none text-strikethrough-none\">Todo p\u00fablico<\/span><\/li><li><span data-sheets-formula-bar-text-style=\"font-size:15px;color:#000000;font-weight:normal;text-decoration:none;font-family:'Times New Roman';font-style:normal;text-decoration-skip-ink:none;\">Taller de improvisaci\u00f3n teatral, colectivo La Novia. <span class=\"OYPEnA font-feature-liga-off font-feature-clig-off font-feature-calt-off text-decoration-none text-strikethrough-none\">Desde los 7 a\u00f1os<\/span><\/span><\/li><li>Cartograf\u00eda de la luz: cuatro puntos cardinales de la poes\u00eda con Henry Alexander G\u00f3mez. <span class=\"OYPEnA font-feature-liga-off font-feature-clig-off font-feature-calt-off text-decoration-none text-strikethrough-none\">J\u00f3venes y adultos<\/span><span style=\"color: var(--viral-news-body-color, #404040); font-family: var(--viral-news-body-family, Libre Baskerville); font-size: var(--viral-news-body-size, 14px); font-style: var(--viral-news-body-style, normal); font-weight: var(--viral-news-body-weight, 400); letter-spacing: var(--viral-news-body-letter-spacing, 0); text-transform: var(--viral-news-body-text-transform, none);\">.<\/span><\/li><\/ul><h6>Domingo 13 de octubre<\/h6><ul><li>Feria de colectivos nacionales. <span class=\"OYPEnA font-feature-liga-off font-feature-clig-off font-feature-calt-off text-decoration-none text-strikethrough-none\">Todo p\u00fablico<\/span><\/li><li>El fanzine (espejo) que me representa, Mateo Sanabria del colectivo Letray-Legal. <span class=\"OYPEnA font-feature-liga-off font-feature-clig-off font-feature-calt-off text-decoration-none text-strikethrough-none\">Desde los 14 a\u00f1os<\/span><\/li><li>Conversatorio: presentaci\u00f3n del libro Los ciclos de la margarita, <span style=\"font-weight: 500;\">Angie Paola Pedrozo. <span class=\"OYPEnA font-feature-liga-off font-feature-clig-off font-feature-calt-off text-decoration-none text-strikethrough-none\">Desde los 14 a\u00f1os.<\/span><\/span><\/li><li>Conversatorio: Los caminos de la imaginaci\u00f3n en el libro infantil, Jacobo Viveros Granja. <span class=\"OYPEnA font-feature-liga-off font-feature-clig-off font-feature-calt-off text-decoration-none text-strikethrough-none\">Todo p\u00fablico<\/span><\/li><li>Conversatorio: presentaci\u00f3n de los libros Beb\u00e9s brillantes, <span style=\"font-weight: 500;\">Juan Carlos C\u00e1rdenas. <span class=\"OYPEnA font-feature-liga-off font-feature-clig-off font-feature-calt-off text-decoration-none text-strikethrough-none\">Maestros, padres de familia<\/span><\/span><\/li><\/ul><h6>Lunes 14 de octubre<\/h6><ul><li>Taller: Peri\u00f3dico literario plantario -New Roman Times -colectivo la Cuarta raya del Tigre . <span class=\"OYPEnA font-feature-liga-off font-feature-clig-off font-feature-calt-off text-decoration-none text-strikethrough-none\">Desde los 14 a\u00f1os<\/span><\/li><li>Taller: creaci\u00f3n po\u00e9tica \u201cLa nitidez secreta de las cosas\u201d, Sandra Uribe P\u00e9rez. Desde los 14 a\u00f1os<\/li><li>Presentaci\u00f3n del poemario \u201cYo tambi\u00e9n no tengo piernas\u201d Diego Armando Pe\u00f1a. Desde los 14 a\u00f1os<\/li><\/ul>\t\t\t\t\t\t\t\t<\/div>\n\t\t\t\t<\/div>\n\t\t\t\t<\/div>\n\t\t<div class=\"elementor-element elementor-element-8e6f55b e-con-full e-flex e-con e-child\" data-id=\"8e6f55b\" data-element_type=\"container\" data-e-type=\"container\">\n\t\t\t\t<\/div>\n\t\t\t\t\t<\/div>\n\t\t\t\t<\/div>\n\t\t<div class=\"elementor-element elementor-element-a4b7ec5 e-flex e-con-boxed e-con e-parent\" data-id=\"a4b7ec5\" data-element_type=\"container\" data-e-type=\"container\" data-settings=\"{&quot;background_background&quot;:&quot;classic&quot;}\">\n\t\t\t\t\t<div class=\"e-con-inner\">\n\t\t\t\t\t<\/div>\n\t\t\t\t<\/div>\n\t\t<div class=\"elementor-element elementor-element-3a2355a e-flex e-con-boxed e-con e-parent\" data-id=\"3a2355a\" data-element_type=\"container\" data-e-type=\"container\" data-settings=\"{&quot;background_background&quot;:&quot;classic&quot;}\">\n\t\t\t\t\t<div class=\"e-con-inner\">\n\t\t\t\t\t<\/div>\n\t\t\t\t<\/div>\n\t\t<div class=\"elementor-element elementor-element-a160aed e-flex e-con-boxed e-con e-parent\" data-id=\"a160aed\" data-element_type=\"container\" data-e-type=\"container\" data-settings=\"{&quot;background_background&quot;:&quot;classic&quot;}\">\n\t\t\t\t\t<div class=\"e-con-inner\">\n\t\t\t\t<div class=\"elementor-element elementor-element-67aa1ff elementor-hidden-desktop elementor-widget elementor-widget-heading\" data-id=\"67aa1ff\" data-element_type=\"widget\" data-e-type=\"widget\" data-widget_type=\"heading.default\">\n\t\t\t\t<div class=\"elementor-widget-container\">\n\t\t\t\t\t<h2 class=\"elementor-heading-title elementor-size-default\">AUTORES Y COLECTIVOS<\/h2>\t\t\t\t<\/div>\n\t\t\t\t<\/div>\n\t\t\t\t<div class=\"elementor-element elementor-element-d841bee elementor-hidden-tablet elementor-hidden-mobile elementor-widget elementor-widget-heading\" data-id=\"d841bee\" data-element_type=\"widget\" data-e-type=\"widget\" data-widget_type=\"heading.default\">\n\t\t\t\t<div class=\"elementor-widget-container\">\n\t\t\t\t\t<h2 class=\"elementor-heading-title elementor-size-default\">AUTORES Y COLECTIVOS<\/h2>\t\t\t\t<\/div>\n\t\t\t\t<\/div>\n\t\t\t\t\t<\/div>\n\t\t\t\t<\/div>\n\t\t<div class=\"elementor-element elementor-element-b1a7489 e-flex e-con-boxed e-con e-parent\" data-id=\"b1a7489\" data-element_type=\"container\" data-e-type=\"container\" data-settings=\"{&quot;background_background&quot;:&quot;classic&quot;}\">\n\t\t\t\t\t<div class=\"e-con-inner\">\n\t\t<div class=\"elementor-element elementor-element-0a7be07 e-con-full e-flex e-con e-child\" data-id=\"0a7be07\" data-element_type=\"container\" data-e-type=\"container\">\n\t\t\t\t<div class=\"elementor-element elementor-element-7779061 elementor-position-top elementor-widget elementor-widget-image-box\" data-id=\"7779061\" data-element_type=\"widget\" data-e-type=\"widget\" data-widget_type=\"image-box.default\">\n\t\t\t\t<div class=\"elementor-widget-container\">\n\t\t\t\t\t<div class=\"elementor-image-box-wrapper\"><figure class=\"elementor-image-box-img\"><img fetchpriority=\"high\" decoding=\"async\" width=\"1080\" height=\"1080\" src=\"https:\/\/repensandolaeducacion.alopadres.com\/wp-content\/uploads\/2024\/09\/Jessica-Toloza-Rincon.jpg\" class=\"attachment-full size-full wp-image-1780\" alt=\"\" srcset=\"https:\/\/repensandolaeducacion.alopadres.com\/wp-content\/uploads\/2024\/09\/Jessica-Toloza-Rincon.jpg 1080w, https:\/\/repensandolaeducacion.alopadres.com\/wp-content\/uploads\/2024\/09\/Jessica-Toloza-Rincon-300x300.jpg 300w, https:\/\/repensandolaeducacion.alopadres.com\/wp-content\/uploads\/2024\/09\/Jessica-Toloza-Rincon-1024x1024.jpg 1024w, https:\/\/repensandolaeducacion.alopadres.com\/wp-content\/uploads\/2024\/09\/Jessica-Toloza-Rincon-150x150.jpg 150w, https:\/\/repensandolaeducacion.alopadres.com\/wp-content\/uploads\/2024\/09\/Jessica-Toloza-Rincon-768x768.jpg 768w, https:\/\/repensandolaeducacion.alopadres.com\/wp-content\/uploads\/2024\/09\/Jessica-Toloza-Rincon-600x600.jpg 600w, https:\/\/repensandolaeducacion.alopadres.com\/wp-content\/uploads\/2024\/09\/Jessica-Toloza-Rincon-400x400.jpg 400w\" sizes=\"(max-width: 1080px) 100vw, 1080px\" \/><\/figure><div class=\"elementor-image-box-content\"><h4 class=\"elementor-image-box-title\">Jessica Toloza Rinc\u00f3n<\/h4><p class=\"elementor-image-box-description\">Trabajadora social, docente de ingl\u00e9s, cursando maestr\u00eda en creaci\u00f3n literaria. Poeta con diversas publicaciones nacionales e internacionales y ganadora de premios.<\/p><\/div><\/div>\t\t\t\t<\/div>\n\t\t\t\t<\/div>\n\t\t\t\t<\/div>\n\t\t<div class=\"elementor-element elementor-element-7b996d8 e-con-full e-flex e-con e-child\" data-id=\"7b996d8\" data-element_type=\"container\" data-e-type=\"container\">\n\t\t\t\t<div class=\"elementor-element elementor-element-7e059c0 elementor-position-top elementor-widget elementor-widget-image-box\" data-id=\"7e059c0\" data-element_type=\"widget\" data-e-type=\"widget\" data-widget_type=\"image-box.default\">\n\t\t\t\t<div class=\"elementor-widget-container\">\n\t\t\t\t\t<div class=\"elementor-image-box-wrapper\"><figure class=\"elementor-image-box-img\"><img decoding=\"async\" width=\"1080\" height=\"1080\" src=\"https:\/\/repensandolaeducacion.alopadres.com\/wp-content\/uploads\/2024\/09\/Colectivo-Teatral-La-Novia.jpg\" class=\"attachment-full size-full wp-image-1781\" alt=\"\" srcset=\"https:\/\/repensandolaeducacion.alopadres.com\/wp-content\/uploads\/2024\/09\/Colectivo-Teatral-La-Novia.jpg 1080w, https:\/\/repensandolaeducacion.alopadres.com\/wp-content\/uploads\/2024\/09\/Colectivo-Teatral-La-Novia-300x300.jpg 300w, https:\/\/repensandolaeducacion.alopadres.com\/wp-content\/uploads\/2024\/09\/Colectivo-Teatral-La-Novia-1024x1024.jpg 1024w, https:\/\/repensandolaeducacion.alopadres.com\/wp-content\/uploads\/2024\/09\/Colectivo-Teatral-La-Novia-150x150.jpg 150w, https:\/\/repensandolaeducacion.alopadres.com\/wp-content\/uploads\/2024\/09\/Colectivo-Teatral-La-Novia-768x768.jpg 768w, https:\/\/repensandolaeducacion.alopadres.com\/wp-content\/uploads\/2024\/09\/Colectivo-Teatral-La-Novia-600x600.jpg 600w, https:\/\/repensandolaeducacion.alopadres.com\/wp-content\/uploads\/2024\/09\/Colectivo-Teatral-La-Novia-400x400.jpg 400w\" sizes=\"(max-width: 1080px) 100vw, 1080px\" \/><\/figure><div class=\"elementor-image-box-content\"><h4 class=\"elementor-image-box-title\">Colectivo Teatral La Novia<\/h4><p class=\"elementor-image-box-description\">Grupo de teatro independiente compuesto por artistas mujeres que tiene como objetivo fortalecer el papel de la mujer en el gremio teatral y promover diversos formatos esc\u00e9nicos.<\/p><\/div><\/div>\t\t\t\t<\/div>\n\t\t\t\t<\/div>\n\t\t\t\t<\/div>\n\t\t<div class=\"elementor-element elementor-element-8b09edf e-con-full e-flex e-con e-child\" data-id=\"8b09edf\" data-element_type=\"container\" data-e-type=\"container\">\n\t\t\t\t<div class=\"elementor-element elementor-element-17c0fae elementor-position-top elementor-widget elementor-widget-image-box\" data-id=\"17c0fae\" data-element_type=\"widget\" data-e-type=\"widget\" data-widget_type=\"image-box.default\">\n\t\t\t\t<div class=\"elementor-widget-container\">\n\t\t\t\t\t<div class=\"elementor-image-box-wrapper\"><figure class=\"elementor-image-box-img\"><img decoding=\"async\" width=\"1080\" height=\"1080\" src=\"https:\/\/repensandolaeducacion.alopadres.com\/wp-content\/uploads\/2024\/09\/Ana-Maria-Hernandez.jpg\" class=\"attachment-full size-full wp-image-1782\" alt=\"\" srcset=\"https:\/\/repensandolaeducacion.alopadres.com\/wp-content\/uploads\/2024\/09\/Ana-Maria-Hernandez.jpg 1080w, https:\/\/repensandolaeducacion.alopadres.com\/wp-content\/uploads\/2024\/09\/Ana-Maria-Hernandez-300x300.jpg 300w, https:\/\/repensandolaeducacion.alopadres.com\/wp-content\/uploads\/2024\/09\/Ana-Maria-Hernandez-1024x1024.jpg 1024w, https:\/\/repensandolaeducacion.alopadres.com\/wp-content\/uploads\/2024\/09\/Ana-Maria-Hernandez-150x150.jpg 150w, https:\/\/repensandolaeducacion.alopadres.com\/wp-content\/uploads\/2024\/09\/Ana-Maria-Hernandez-768x768.jpg 768w, https:\/\/repensandolaeducacion.alopadres.com\/wp-content\/uploads\/2024\/09\/Ana-Maria-Hernandez-600x600.jpg 600w, https:\/\/repensandolaeducacion.alopadres.com\/wp-content\/uploads\/2024\/09\/Ana-Maria-Hernandez-400x400.jpg 400w\" sizes=\"(max-width: 1080px) 100vw, 1080px\" \/><\/figure><div class=\"elementor-image-box-content\"><h4 class=\"elementor-image-box-title\">Ana Mar\u00eda Hern\u00e1ndez<\/h4><p class=\"elementor-image-box-description\">Artista multifac\u00e9tica con gran inter\u00e9s en la palabra. Profesional en artes esc\u00e9nicas con \u00e9nfasis en actuaci\u00f3n y promotora de lectura. Cantautora y escritora en mi propio proyecto art\u00edstico.<\/p><\/div><\/div>\t\t\t\t<\/div>\n\t\t\t\t<\/div>\n\t\t\t\t<\/div>\n\t\t<div class=\"elementor-element elementor-element-ead1023 e-con-full e-flex e-con e-child\" data-id=\"ead1023\" data-element_type=\"container\" data-e-type=\"container\">\n\t\t\t\t<div class=\"elementor-element elementor-element-f1a6ece elementor-position-top elementor-widget elementor-widget-image-box\" data-id=\"f1a6ece\" data-element_type=\"widget\" data-e-type=\"widget\" data-widget_type=\"image-box.default\">\n\t\t\t\t<div class=\"elementor-widget-container\">\n\t\t\t\t\t<div class=\"elementor-image-box-wrapper\"><figure class=\"elementor-image-box-img\"><img loading=\"lazy\" decoding=\"async\" width=\"759\" height=\"660\" src=\"https:\/\/repensandolaeducacion.alopadres.com\/wp-content\/uploads\/2024\/10\/Henry-Gomez.jpg\" class=\"attachment-full size-full wp-image-2239\" alt=\"\" srcset=\"https:\/\/repensandolaeducacion.alopadres.com\/wp-content\/uploads\/2024\/10\/Henry-Gomez.jpg 759w, https:\/\/repensandolaeducacion.alopadres.com\/wp-content\/uploads\/2024\/10\/Henry-Gomez-300x261.jpg 300w\" sizes=\"(max-width: 759px) 100vw, 759px\" \/><\/figure><div class=\"elementor-image-box-content\"><h4 class=\"elementor-image-box-title\">Henry Alexander G\u00f3mez<\/h4><p class=\"elementor-image-box-description\">Magister de Creaci\u00f3n Literaria de la Universidad Central y licenciado en ciencias de la Universidad Distrital.. Es director del festival de literatura \"Ojo en la tinta\". Ha recibido diferentes distinciones, entre ellas, el Premio Nacional de Poes\u00eda Universidad Externado, el Premio Nacional Casa de Poes\u00eda Silva y el Premio Internacional de Poes\u00eda Jos\u00e9 Ver\u00f3n Gormaz de Espa\u00f1a.<\/p><\/div><\/div>\t\t\t\t<\/div>\n\t\t\t\t<\/div>\n\t\t\t\t<\/div>\n\t\t\t\t\t<\/div>\n\t\t\t\t<\/div>\n\t\t<div class=\"elementor-element elementor-element-c0e873c e-flex e-con-boxed e-con e-parent\" data-id=\"c0e873c\" data-element_type=\"container\" data-e-type=\"container\" data-settings=\"{&quot;background_background&quot;:&quot;classic&quot;}\">\n\t\t\t\t\t<div class=\"e-con-inner\">\n\t\t<div class=\"elementor-element elementor-element-3c2e6cb e-con-full e-flex e-con e-child\" data-id=\"3c2e6cb\" data-element_type=\"container\" data-e-type=\"container\">\n\t\t\t\t<div class=\"elementor-element elementor-element-5cfc55a elementor-position-top elementor-widget elementor-widget-image-box\" data-id=\"5cfc55a\" data-element_type=\"widget\" data-e-type=\"widget\" data-widget_type=\"image-box.default\">\n\t\t\t\t<div class=\"elementor-widget-container\">\n\t\t\t\t\t<div class=\"elementor-image-box-wrapper\"><figure class=\"elementor-image-box-img\"><img loading=\"lazy\" decoding=\"async\" width=\"1080\" height=\"1080\" src=\"https:\/\/repensandolaeducacion.alopadres.com\/wp-content\/uploads\/2024\/09\/letraLegal.jpg\" class=\"attachment-full size-full wp-image-1785\" alt=\"\" srcset=\"https:\/\/repensandolaeducacion.alopadres.com\/wp-content\/uploads\/2024\/09\/letraLegal.jpg 1080w, https:\/\/repensandolaeducacion.alopadres.com\/wp-content\/uploads\/2024\/09\/letraLegal-300x300.jpg 300w, https:\/\/repensandolaeducacion.alopadres.com\/wp-content\/uploads\/2024\/09\/letraLegal-1024x1024.jpg 1024w, https:\/\/repensandolaeducacion.alopadres.com\/wp-content\/uploads\/2024\/09\/letraLegal-150x150.jpg 150w, https:\/\/repensandolaeducacion.alopadres.com\/wp-content\/uploads\/2024\/09\/letraLegal-768x768.jpg 768w, https:\/\/repensandolaeducacion.alopadres.com\/wp-content\/uploads\/2024\/09\/letraLegal-600x600.jpg 600w, https:\/\/repensandolaeducacion.alopadres.com\/wp-content\/uploads\/2024\/09\/letraLegal-400x400.jpg 400w\" sizes=\"(max-width: 1080px) 100vw, 1080px\" \/><\/figure><div class=\"elementor-image-box-content\"><h4 class=\"elementor-image-box-title\">Colectivo Letray-Legal<\/h4><p class=\"elementor-image-box-description\">El proyecto tiene como objetivo reconocer la literatura y la edici\u00f3n independiente y funciona como un colectivo literario que promueve la escritura y la lectura de diferentes g\u00e9neros literarios como el ensayo, el cuento, la poes\u00eda, los textos h\u00edbridos, entre otros.<\/p><\/div><\/div>\t\t\t\t<\/div>\n\t\t\t\t<\/div>\n\t\t\t\t<\/div>\n\t\t<div class=\"elementor-element elementor-element-9d68def e-con-full e-flex e-con e-child\" data-id=\"9d68def\" data-element_type=\"container\" data-e-type=\"container\">\n\t\t\t\t<div class=\"elementor-element elementor-element-17fdf4f elementor-position-top elementor-widget elementor-widget-image-box\" data-id=\"17fdf4f\" data-element_type=\"widget\" data-e-type=\"widget\" data-widget_type=\"image-box.default\">\n\t\t\t\t<div class=\"elementor-widget-container\">\n\t\t\t\t\t<div class=\"elementor-image-box-wrapper\"><figure class=\"elementor-image-box-img\"><img loading=\"lazy\" decoding=\"async\" width=\"1080\" height=\"1080\" src=\"https:\/\/repensandolaeducacion.alopadres.com\/wp-content\/uploads\/2024\/09\/Angie-Paola-Pedrozo.jpg\" class=\"attachment-full size-full wp-image-1786\" alt=\"\" srcset=\"https:\/\/repensandolaeducacion.alopadres.com\/wp-content\/uploads\/2024\/09\/Angie-Paola-Pedrozo.jpg 1080w, https:\/\/repensandolaeducacion.alopadres.com\/wp-content\/uploads\/2024\/09\/Angie-Paola-Pedrozo-300x300.jpg 300w, https:\/\/repensandolaeducacion.alopadres.com\/wp-content\/uploads\/2024\/09\/Angie-Paola-Pedrozo-1024x1024.jpg 1024w, https:\/\/repensandolaeducacion.alopadres.com\/wp-content\/uploads\/2024\/09\/Angie-Paola-Pedrozo-150x150.jpg 150w, https:\/\/repensandolaeducacion.alopadres.com\/wp-content\/uploads\/2024\/09\/Angie-Paola-Pedrozo-768x768.jpg 768w, https:\/\/repensandolaeducacion.alopadres.com\/wp-content\/uploads\/2024\/09\/Angie-Paola-Pedrozo-600x600.jpg 600w, https:\/\/repensandolaeducacion.alopadres.com\/wp-content\/uploads\/2024\/09\/Angie-Paola-Pedrozo-400x400.jpg 400w\" sizes=\"(max-width: 1080px) 100vw, 1080px\" \/><\/figure><div class=\"elementor-image-box-content\"><h4 class=\"elementor-image-box-title\">Angie Paola Pedrozo<\/h4><p class=\"elementor-image-box-description\">Profesional en Creaci\u00f3n Literaria y\nescritora en camino. Especialista en Pedagog\u00eda y Docencia. Le encanta la correcci\u00f3n de estilo y los juegos que le posibilita el lenguaje.<\/p><\/div><\/div>\t\t\t\t<\/div>\n\t\t\t\t<\/div>\n\t\t\t\t<\/div>\n\t\t<div class=\"elementor-element elementor-element-7b1ce4c e-con-full e-flex e-con e-child\" data-id=\"7b1ce4c\" data-element_type=\"container\" data-e-type=\"container\">\n\t\t\t\t<div class=\"elementor-element elementor-element-3bf8c5e elementor-position-top elementor-widget elementor-widget-image-box\" data-id=\"3bf8c5e\" data-element_type=\"widget\" data-e-type=\"widget\" data-widget_type=\"image-box.default\">\n\t\t\t\t<div class=\"elementor-widget-container\">\n\t\t\t\t\t<div class=\"elementor-image-box-wrapper\"><figure class=\"elementor-image-box-img\"><img loading=\"lazy\" decoding=\"async\" width=\"1080\" height=\"1080\" src=\"https:\/\/repensandolaeducacion.alopadres.com\/wp-content\/uploads\/2024\/09\/Juan-Carlos-Cardenas.jpg\" class=\"attachment-full size-full wp-image-1794\" alt=\"\" srcset=\"https:\/\/repensandolaeducacion.alopadres.com\/wp-content\/uploads\/2024\/09\/Juan-Carlos-Cardenas.jpg 1080w, https:\/\/repensandolaeducacion.alopadres.com\/wp-content\/uploads\/2024\/09\/Juan-Carlos-Cardenas-300x300.jpg 300w, https:\/\/repensandolaeducacion.alopadres.com\/wp-content\/uploads\/2024\/09\/Juan-Carlos-Cardenas-1024x1024.jpg 1024w, https:\/\/repensandolaeducacion.alopadres.com\/wp-content\/uploads\/2024\/09\/Juan-Carlos-Cardenas-150x150.jpg 150w, https:\/\/repensandolaeducacion.alopadres.com\/wp-content\/uploads\/2024\/09\/Juan-Carlos-Cardenas-768x768.jpg 768w, https:\/\/repensandolaeducacion.alopadres.com\/wp-content\/uploads\/2024\/09\/Juan-Carlos-Cardenas-600x600.jpg 600w, https:\/\/repensandolaeducacion.alopadres.com\/wp-content\/uploads\/2024\/09\/Juan-Carlos-Cardenas-400x400.jpg 400w\" sizes=\"(max-width: 1080px) 100vw, 1080px\" \/><\/figure><div class=\"elementor-image-box-content\"><h4 class=\"elementor-image-box-title\">Juan Carlos C\u00e1rdenas<\/h4><p class=\"elementor-image-box-description\">Cient\u00edfico, artista y m\u00fasico. Investigador en desarrollo intelectual en la primera infancia, y creador del Sistema \u201cLAT\u201d de estimulaci\u00f3n neuronal activa y educaci\u00f3n temprana, publicado en la serie de tres libros denominada Beb\u00e9s brillantes.<\/p><\/div><\/div>\t\t\t\t<\/div>\n\t\t\t\t<\/div>\n\t\t\t\t<\/div>\n\t\t<div class=\"elementor-element elementor-element-0a4be9e e-con-full e-flex e-con e-child\" data-id=\"0a4be9e\" data-element_type=\"container\" data-e-type=\"container\">\n\t\t\t\t<div class=\"elementor-element elementor-element-8184198 elementor-position-top elementor-widget elementor-widget-image-box\" data-id=\"8184198\" data-element_type=\"widget\" data-e-type=\"widget\" data-widget_type=\"image-box.default\">\n\t\t\t\t<div class=\"elementor-widget-container\">\n\t\t\t\t\t<div class=\"elementor-image-box-wrapper\"><figure class=\"elementor-image-box-img\"><img loading=\"lazy\" decoding=\"async\" width=\"1080\" height=\"1080\" src=\"https:\/\/repensandolaeducacion.alopadres.com\/wp-content\/uploads\/2024\/09\/Diego-Armando-Pena.jpg\" class=\"attachment-full size-full wp-image-1795\" alt=\"\" srcset=\"https:\/\/repensandolaeducacion.alopadres.com\/wp-content\/uploads\/2024\/09\/Diego-Armando-Pena.jpg 1080w, https:\/\/repensandolaeducacion.alopadres.com\/wp-content\/uploads\/2024\/09\/Diego-Armando-Pena-300x300.jpg 300w, https:\/\/repensandolaeducacion.alopadres.com\/wp-content\/uploads\/2024\/09\/Diego-Armando-Pena-1024x1024.jpg 1024w, https:\/\/repensandolaeducacion.alopadres.com\/wp-content\/uploads\/2024\/09\/Diego-Armando-Pena-150x150.jpg 150w, https:\/\/repensandolaeducacion.alopadres.com\/wp-content\/uploads\/2024\/09\/Diego-Armando-Pena-768x768.jpg 768w, https:\/\/repensandolaeducacion.alopadres.com\/wp-content\/uploads\/2024\/09\/Diego-Armando-Pena-600x600.jpg 600w, https:\/\/repensandolaeducacion.alopadres.com\/wp-content\/uploads\/2024\/09\/Diego-Armando-Pena-400x400.jpg 400w\" sizes=\"(max-width: 1080px) 100vw, 1080px\" \/><\/figure><div class=\"elementor-image-box-content\"><h4 class=\"elementor-image-box-title\">Diego Armando Pe\u00f1a<\/h4><p class=\"elementor-image-box-description\">Profesional en Creaci\u00f3n Literaria de la Universidad Central de Colombia. Candidato a magister en Escritura Creativa por la UNTREF (Argentina). Ganador de premios nacionales e internacionales. Publicaciones en en diferentes revistas y peri\u00f3dicos.<\/p><\/div><\/div>\t\t\t\t<\/div>\n\t\t\t\t<\/div>\n\t\t\t\t<\/div>\n\t\t\t\t\t<\/div>\n\t\t\t\t<\/div>\n\t\t<div class=\"elementor-element elementor-element-cd69474 e-flex e-con-boxed e-con e-parent\" data-id=\"cd69474\" data-element_type=\"container\" data-e-type=\"container\" data-settings=\"{&quot;background_background&quot;:&quot;classic&quot;}\">\n\t\t\t\t\t<div class=\"e-con-inner\">\n\t\t<div class=\"elementor-element elementor-element-81fac8c e-con-full elementor-hidden-tablet elementor-hidden-mobile e-flex e-con e-child\" data-id=\"81fac8c\" data-element_type=\"container\" data-e-type=\"container\">\n\t\t\t\t<\/div>\n\t\t<div class=\"elementor-element elementor-element-50eae91 e-con-full e-flex e-con e-child\" data-id=\"50eae91\" data-element_type=\"container\" data-e-type=\"container\">\n\t\t\t\t<div class=\"elementor-element elementor-element-58b0e42 elementor-position-top elementor-widget elementor-widget-image-box\" data-id=\"58b0e42\" data-element_type=\"widget\" data-e-type=\"widget\" data-widget_type=\"image-box.default\">\n\t\t\t\t<div class=\"elementor-widget-container\">\n\t\t\t\t\t<div class=\"elementor-image-box-wrapper\"><figure class=\"elementor-image-box-img\"><img loading=\"lazy\" decoding=\"async\" width=\"1080\" height=\"1080\" src=\"https:\/\/repensandolaeducacion.alopadres.com\/wp-content\/uploads\/2024\/09\/Sandra-Uribe-Perez.jpg\" class=\"attachment-full size-full wp-image-1796\" alt=\"\" srcset=\"https:\/\/repensandolaeducacion.alopadres.com\/wp-content\/uploads\/2024\/09\/Sandra-Uribe-Perez.jpg 1080w, https:\/\/repensandolaeducacion.alopadres.com\/wp-content\/uploads\/2024\/09\/Sandra-Uribe-Perez-300x300.jpg 300w, https:\/\/repensandolaeducacion.alopadres.com\/wp-content\/uploads\/2024\/09\/Sandra-Uribe-Perez-1024x1024.jpg 1024w, https:\/\/repensandolaeducacion.alopadres.com\/wp-content\/uploads\/2024\/09\/Sandra-Uribe-Perez-150x150.jpg 150w, https:\/\/repensandolaeducacion.alopadres.com\/wp-content\/uploads\/2024\/09\/Sandra-Uribe-Perez-768x768.jpg 768w, https:\/\/repensandolaeducacion.alopadres.com\/wp-content\/uploads\/2024\/09\/Sandra-Uribe-Perez-600x600.jpg 600w, https:\/\/repensandolaeducacion.alopadres.com\/wp-content\/uploads\/2024\/09\/Sandra-Uribe-Perez-400x400.jpg 400w\" sizes=\"(max-width: 1080px) 100vw, 1080px\" \/><\/figure><div class=\"elementor-image-box-content\"><h4 class=\"elementor-image-box-title\">Sandra Uribe P\u00e9rez<\/h4><p class=\"elementor-image-box-description\">Naci\u00f3 en Bogot\u00e1, Colombia. Poeta, narradora, ensayista y periodista,\narquitecta, especialista en Entornos virtuales de aprendizaje y mag\u00edster en Estudios de la Cultura\ncon menci\u00f3n en Literatura Hispanoamericana.<\/p><\/div><\/div>\t\t\t\t<\/div>\n\t\t\t\t<\/div>\n\t\t\t\t<\/div>\n\t\t<div class=\"elementor-element elementor-element-19bfd6a e-con-full e-flex e-con e-child\" data-id=\"19bfd6a\" data-element_type=\"container\" data-e-type=\"container\">\n\t\t\t\t<div class=\"elementor-element elementor-element-df68384 elementor-position-top elementor-widget elementor-widget-image-box\" data-id=\"df68384\" data-element_type=\"widget\" data-e-type=\"widget\" data-widget_type=\"image-box.default\">\n\t\t\t\t<div class=\"elementor-widget-container\">\n\t\t\t\t\t<div class=\"elementor-image-box-wrapper\"><figure class=\"elementor-image-box-img\"><img loading=\"lazy\" decoding=\"async\" width=\"1080\" height=\"1080\" src=\"https:\/\/repensandolaeducacion.alopadres.com\/wp-content\/uploads\/2024\/09\/Grafstudio.jpg\" class=\"attachment-full size-full wp-image-1798\" alt=\"\" srcset=\"https:\/\/repensandolaeducacion.alopadres.com\/wp-content\/uploads\/2024\/09\/Grafstudio.jpg 1080w, https:\/\/repensandolaeducacion.alopadres.com\/wp-content\/uploads\/2024\/09\/Grafstudio-300x300.jpg 300w, https:\/\/repensandolaeducacion.alopadres.com\/wp-content\/uploads\/2024\/09\/Grafstudio-1024x1024.jpg 1024w, https:\/\/repensandolaeducacion.alopadres.com\/wp-content\/uploads\/2024\/09\/Grafstudio-150x150.jpg 150w, https:\/\/repensandolaeducacion.alopadres.com\/wp-content\/uploads\/2024\/09\/Grafstudio-768x768.jpg 768w, https:\/\/repensandolaeducacion.alopadres.com\/wp-content\/uploads\/2024\/09\/Grafstudio-600x600.jpg 600w, https:\/\/repensandolaeducacion.alopadres.com\/wp-content\/uploads\/2024\/09\/Grafstudio-400x400.jpg 400w\" sizes=\"(max-width: 1080px) 100vw, 1080px\" \/><\/figure><div class=\"elementor-image-box-content\"><h4 class=\"elementor-image-box-title\">Colectivo Grafstudio<\/h4><p class=\"elementor-image-box-description\">Grafstudio es una agrupaci\u00f3n de ilustradores, dise\u00f1adores y escritores que realizan historias de comic en distintos formatos de publicaci\u00f3n impresa y digital basados en su personaje Euri.<\/p><\/div><\/div>\t\t\t\t<\/div>\n\t\t\t\t<\/div>\n\t\t\t\t<\/div>\n\t\t<div class=\"elementor-element elementor-element-825cdd0 e-con-full e-flex e-con e-child\" data-id=\"825cdd0\" data-element_type=\"container\" data-e-type=\"container\">\n\t\t\t\t<div class=\"elementor-element elementor-element-8f7c933 elementor-position-top elementor-widget elementor-widget-image-box\" data-id=\"8f7c933\" data-element_type=\"widget\" data-e-type=\"widget\" data-widget_type=\"image-box.default\">\n\t\t\t\t<div class=\"elementor-widget-container\">\n\t\t\t\t\t<div class=\"elementor-image-box-wrapper\"><figure class=\"elementor-image-box-img\"><img loading=\"lazy\" decoding=\"async\" width=\"1080\" height=\"1080\" src=\"https:\/\/repensandolaeducacion.alopadres.com\/wp-content\/uploads\/2024\/09\/La-Cuarta-Raya-del-Tigre.jpg\" class=\"attachment-full size-full wp-image-1802\" alt=\"\" srcset=\"https:\/\/repensandolaeducacion.alopadres.com\/wp-content\/uploads\/2024\/09\/La-Cuarta-Raya-del-Tigre.jpg 1080w, https:\/\/repensandolaeducacion.alopadres.com\/wp-content\/uploads\/2024\/09\/La-Cuarta-Raya-del-Tigre-300x300.jpg 300w, https:\/\/repensandolaeducacion.alopadres.com\/wp-content\/uploads\/2024\/09\/La-Cuarta-Raya-del-Tigre-1024x1024.jpg 1024w, https:\/\/repensandolaeducacion.alopadres.com\/wp-content\/uploads\/2024\/09\/La-Cuarta-Raya-del-Tigre-150x150.jpg 150w, https:\/\/repensandolaeducacion.alopadres.com\/wp-content\/uploads\/2024\/09\/La-Cuarta-Raya-del-Tigre-768x768.jpg 768w, https:\/\/repensandolaeducacion.alopadres.com\/wp-content\/uploads\/2024\/09\/La-Cuarta-Raya-del-Tigre-600x600.jpg 600w, https:\/\/repensandolaeducacion.alopadres.com\/wp-content\/uploads\/2024\/09\/La-Cuarta-Raya-del-Tigre-400x400.jpg 400w\" sizes=\"(max-width: 1080px) 100vw, 1080px\" \/><\/figure><div class=\"elementor-image-box-content\"><h4 class=\"elementor-image-box-title\">Colectivo La Cuarta Raya del Tigre<\/h4><p class=\"elementor-image-box-description\">Son un colectivo autogestionado que ha dise\u00f1ado distintas estrategias para promover la lectura y la escritura por medio de la cotidianidad, el juego con las palabras, las artes pl\u00e1sticas y tem\u00e1ticas como el patrimonio personal, la paz, el territorio y el medio ambiente.<\/p><\/div><\/div>\t\t\t\t<\/div>\n\t\t\t\t<\/div>\n\t\t\t\t<\/div>\n\t\t\t\t\t<\/div>\n\t\t\t\t<\/div>\n\t\t<div class=\"elementor-element elementor-element-8ed255d e-flex e-con-boxed e-con e-parent\" data-id=\"8ed255d\" data-element_type=\"container\" data-e-type=\"container\" data-settings=\"{&quot;background_background&quot;:&quot;classic&quot;}\">\n\t\t\t\t\t<div class=\"e-con-inner\">\n\t\t<div class=\"elementor-element elementor-element-bcb83e1 e-con-full elementor-hidden-tablet elementor-hidden-mobile e-flex e-con e-child\" data-id=\"bcb83e1\" data-element_type=\"container\" data-e-type=\"container\">\n\t\t\t\t<\/div>\n\t\t<div class=\"elementor-element elementor-element-8e9d229 e-con-full e-flex e-con e-child\" data-id=\"8e9d229\" data-element_type=\"container\" data-e-type=\"container\">\n\t\t\t\t<div class=\"elementor-element elementor-element-46cc8d6 elementor-position-top elementor-widget elementor-widget-image-box\" data-id=\"46cc8d6\" data-element_type=\"widget\" data-e-type=\"widget\" data-widget_type=\"image-box.default\">\n\t\t\t\t<div class=\"elementor-widget-container\">\n\t\t\t\t\t<div class=\"elementor-image-box-wrapper\"><figure class=\"elementor-image-box-img\"><img loading=\"lazy\" decoding=\"async\" width=\"1080\" height=\"1080\" src=\"https:\/\/repensandolaeducacion.alopadres.com\/wp-content\/uploads\/2024\/09\/Jacobo-Viveros.png\" class=\"attachment-full size-full wp-image-2129\" alt=\"\" srcset=\"https:\/\/repensandolaeducacion.alopadres.com\/wp-content\/uploads\/2024\/09\/Jacobo-Viveros.png 1080w, https:\/\/repensandolaeducacion.alopadres.com\/wp-content\/uploads\/2024\/09\/Jacobo-Viveros-300x300.png 300w, https:\/\/repensandolaeducacion.alopadres.com\/wp-content\/uploads\/2024\/09\/Jacobo-Viveros-1024x1024.png 1024w, https:\/\/repensandolaeducacion.alopadres.com\/wp-content\/uploads\/2024\/09\/Jacobo-Viveros-150x150.png 150w, https:\/\/repensandolaeducacion.alopadres.com\/wp-content\/uploads\/2024\/09\/Jacobo-Viveros-768x768.png 768w, https:\/\/repensandolaeducacion.alopadres.com\/wp-content\/uploads\/2024\/09\/Jacobo-Viveros-600x600.png 600w, https:\/\/repensandolaeducacion.alopadres.com\/wp-content\/uploads\/2024\/09\/Jacobo-Viveros-400x400.png 400w\" sizes=\"(max-width: 1080px) 100vw, 1080px\" \/><\/figure><div class=\"elementor-image-box-content\"><h4 class=\"elementor-image-box-title\">David Jacobo Viveros Granja<\/h4><p class=\"elementor-image-box-description\">Se desempe\u00f1a en el campo creativo como escritor, ha publicado en los g\u00e9neros de novela, cuento y poes\u00eda. Igualmente ha dirijido talleres de creaci\u00f3n literaria y ha sido jurado en concursos literarios y cinematogr\u00e1ficos. Tambi\u00e9n es docente universitario con 18 a\u00f1os de experiencia en las \u00e1reas de literatura, semi\u00f3tica, ling\u00fc\u00edstica e historia del arte. En muchas de sus asignaturas ense\u00f1a la literatura en comunicaci\u00f3n con otras disciplinas.<\/p><\/div><\/div>\t\t\t\t<\/div>\n\t\t\t\t<\/div>\n\t\t\t\t<\/div>\n\t\t<div class=\"elementor-element elementor-element-68d9cb4 e-con-full elementor-hidden-tablet elementor-hidden-mobile e-flex e-con e-child\" data-id=\"68d9cb4\" data-element_type=\"container\" data-e-type=\"container\">\n\t\t\t\t<\/div>\n\t\t<div class=\"elementor-element elementor-element-643bc35 e-con-full e-flex e-con e-child\" data-id=\"643bc35\" data-element_type=\"container\" data-e-type=\"container\">\n\t\t\t\t<div class=\"elementor-element elementor-element-43cffd1 elementor-widget elementor-widget-image\" data-id=\"43cffd1\" data-element_type=\"widget\" data-e-type=\"widget\" data-widget_type=\"image.default\">\n\t\t\t\t<div class=\"elementor-widget-container\">\n\t\t\t\t\t\t\t\t\t\t\t\t\t\t\t<img loading=\"lazy\" decoding=\"async\" width=\"810\" height=\"1008\" src=\"https:\/\/repensandolaeducacion.alopadres.com\/wp-content\/uploads\/2024\/09\/Jose-823x1024.jpg\" class=\"attachment-large size-large wp-image-2165\" alt=\"\" srcset=\"https:\/\/repensandolaeducacion.alopadres.com\/wp-content\/uploads\/2024\/09\/Jose-823x1024.jpg 823w, https:\/\/repensandolaeducacion.alopadres.com\/wp-content\/uploads\/2024\/09\/Jose-241x300.jpg 241w, https:\/\/repensandolaeducacion.alopadres.com\/wp-content\/uploads\/2024\/09\/Jose-768x955.jpg 768w, https:\/\/repensandolaeducacion.alopadres.com\/wp-content\/uploads\/2024\/09\/Jose.jpg 1079w\" sizes=\"(max-width: 810px) 100vw, 810px\" \/>\t\t\t\t\t\t\t\t\t\t\t\t\t\t\t<\/div>\n\t\t\t\t<\/div>\n\t\t\t\t<div class=\"elementor-element elementor-element-3236f23 elementor-widget elementor-widget-text-editor\" data-id=\"3236f23\" data-element_type=\"widget\" data-e-type=\"widget\" data-widget_type=\"text-editor.default\">\n\t\t\t\t<div class=\"elementor-widget-container\">\n\t\t\t\t\t\t\t\t\t<h4 style=\"text-align: center;\">\u00a0\u00abMenci\u00f3n en memoria de Jos\u00e9 Joaqu\u00edn Fiquitiva\u00bb<\/h4>\t\t\t\t\t\t\t\t<\/div>\n\t\t\t\t<\/div>\n\t\t\t\t<\/div>\n\t\t\t\t\t<\/div>\n\t\t\t\t<\/div>\n\t\t<div class=\"elementor-element elementor-element-cbedc83 e-flex e-con-boxed e-con e-parent\" data-id=\"cbedc83\" data-element_type=\"container\" data-e-type=\"container\" data-settings=\"{&quot;background_background&quot;:&quot;classic&quot;}\">\n\t\t\t\t\t<div class=\"e-con-inner\">\n\t\t\t\t<div class=\"elementor-element elementor-element-7a8f711 elementor-widget elementor-widget-text-editor\" data-id=\"7a8f711\" data-element_type=\"widget\" data-e-type=\"widget\" data-widget_type=\"text-editor.default\">\n\t\t\t\t<div class=\"elementor-widget-container\">\n\t\t\t\t\t\t\t\t\t<p id=\"Programa\">\t\t\t\t\t\t\t\t<\/div>\n\t\t\t\t<\/div>\n\t\t\t\t<div class=\"elementor-element elementor-element-f103ec9 elementor-hidden-desktop elementor-widget elementor-widget-heading\" data-id=\"f103ec9\" data-element_type=\"widget\" data-e-type=\"widget\" data-widget_type=\"heading.default\">\n\t\t\t\t<div class=\"elementor-widget-container\">\n\t\t\t\t\t<h2 class=\"elementor-heading-title elementor-size-default\">Programaci\u00f3n<\/h2>\t\t\t\t<\/div>\n\t\t\t\t<\/div>\n\t\t\t\t<div class=\"elementor-element elementor-element-154b980 elementor-hidden-tablet elementor-hidden-mobile elementor-widget elementor-widget-heading\" data-id=\"154b980\" data-element_type=\"widget\" data-e-type=\"widget\" data-widget_type=\"heading.default\">\n\t\t\t\t<div class=\"elementor-widget-container\">\n\t\t\t\t\t<h2 class=\"elementor-heading-title elementor-size-default\">Programaci\u00f3n<\/h2>\t\t\t\t<\/div>\n\t\t\t\t<\/div>\n\t\t\t\t\t<\/div>\n\t\t\t\t<\/div>\n\t\t<div class=\"elementor-element elementor-element-72a37ac elementor-hidden-tablet elementor-hidden-mobile e-flex e-con-boxed e-con e-parent\" data-id=\"72a37ac\" data-element_type=\"container\" data-e-type=\"container\" data-settings=\"{&quot;background_background&quot;:&quot;classic&quot;}\">\n\t\t\t\t\t<div class=\"e-con-inner\">\n\t\t<div class=\"elementor-element elementor-element-9343a39 e-con-full e-flex e-con e-child\" data-id=\"9343a39\" data-element_type=\"container\" data-e-type=\"container\">\n\t\t\t\t<div class=\"elementor-element elementor-element-b3efcd9 elementor-widget elementor-widget-video\" data-id=\"b3efcd9\" data-element_type=\"widget\" data-e-type=\"widget\" data-settings=\"{&quot;youtube_url&quot;:&quot;https:\\\/\\\/youtu.be\\\/W4YZc-8lpmo&quot;,&quot;video_type&quot;:&quot;youtube&quot;,&quot;controls&quot;:&quot;yes&quot;}\" data-widget_type=\"video.default\">\n\t\t\t\t<div class=\"elementor-widget-container\">\n\t\t\t\t\t\t\t<div class=\"elementor-wrapper elementor-open-inline\">\n\t\t\t<div class=\"elementor-video\"><\/div>\t\t<\/div>\n\t\t\t\t\t\t<\/div>\n\t\t\t\t<\/div>\n\t\t\t\t<\/div>\n\t\t\t\t\t<\/div>\n\t\t\t\t<\/div>\n\t\t<div class=\"elementor-element elementor-element-449cad9 elementor-hidden-desktop e-flex e-con-boxed e-con e-parent\" data-id=\"449cad9\" data-element_type=\"container\" data-e-type=\"container\" data-settings=\"{&quot;background_background&quot;:&quot;classic&quot;}\">\n\t\t\t\t\t<div class=\"e-con-inner\">\n\t\t<div class=\"elementor-element elementor-element-49e86bd e-con-full e-flex e-con e-child\" data-id=\"49e86bd\" data-element_type=\"container\" data-e-type=\"container\">\n\t\t\t\t<div class=\"elementor-element elementor-element-4544d29 elementor-widget elementor-widget-video\" data-id=\"4544d29\" data-element_type=\"widget\" data-e-type=\"widget\" data-settings=\"{&quot;youtube_url&quot;:&quot;https:\\\/\\\/youtu.be\\\/W4YZc-8lpmo&quot;,&quot;video_type&quot;:&quot;youtube&quot;,&quot;controls&quot;:&quot;yes&quot;}\" data-widget_type=\"video.default\">\n\t\t\t\t<div class=\"elementor-widget-container\">\n\t\t\t\t\t\t\t<div class=\"elementor-wrapper elementor-open-inline\">\n\t\t\t<div class=\"elementor-video\"><\/div>\t\t<\/div>\n\t\t\t\t\t\t<\/div>\n\t\t\t\t<\/div>\n\t\t\t\t<div class=\"elementor-element elementor-element-629428b elementor-widget elementor-widget-video\" data-id=\"629428b\" data-element_type=\"widget\" data-e-type=\"widget\" data-settings=\"{&quot;youtube_url&quot;:&quot;https:\\\/\\\/youtu.be\\\/89OeOOrE3d4&quot;,&quot;video_type&quot;:&quot;youtube&quot;,&quot;controls&quot;:&quot;yes&quot;}\" data-widget_type=\"video.default\">\n\t\t\t\t<div class=\"elementor-widget-container\">\n\t\t\t\t\t\t\t<div class=\"elementor-wrapper elementor-open-inline\">\n\t\t\t<div class=\"elementor-video\"><\/div>\t\t<\/div>\n\t\t\t\t\t\t<\/div>\n\t\t\t\t<\/div>\n\t\t\t\t<div class=\"elementor-element elementor-element-55f1d62 elementor-widget elementor-widget-video\" data-id=\"55f1d62\" data-element_type=\"widget\" data-e-type=\"widget\" data-settings=\"{&quot;youtube_url&quot;:&quot;https:\\\/\\\/youtu.be\\\/MbRoK0H4SEo&quot;,&quot;video_type&quot;:&quot;youtube&quot;,&quot;controls&quot;:&quot;yes&quot;}\" data-widget_type=\"video.default\">\n\t\t\t\t<div class=\"elementor-widget-container\">\n\t\t\t\t\t\t\t<div class=\"elementor-wrapper elementor-open-inline\">\n\t\t\t<div class=\"elementor-video\"><\/div>\t\t<\/div>\n\t\t\t\t\t\t<\/div>\n\t\t\t\t<\/div>\n\t\t\t\t<\/div>\n\t\t\t\t\t<\/div>\n\t\t\t\t<\/div>\n\t\t<div class=\"elementor-element elementor-element-20d2bda elementor-hidden-tablet elementor-hidden-mobile e-flex e-con-boxed e-con e-parent\" data-id=\"20d2bda\" data-element_type=\"container\" data-e-type=\"container\" data-settings=\"{&quot;background_background&quot;:&quot;classic&quot;}\">\n\t\t\t\t\t<div class=\"e-con-inner\">\n\t\t<div class=\"elementor-element elementor-element-e705946 e-con-full e-flex e-con e-child\" data-id=\"e705946\" data-element_type=\"container\" data-e-type=\"container\">\n\t\t\t\t<div class=\"elementor-element elementor-element-cd75f35 elementor-widget elementor-widget-video\" data-id=\"cd75f35\" data-element_type=\"widget\" data-e-type=\"widget\" data-settings=\"{&quot;youtube_url&quot;:&quot;https:\\\/\\\/youtu.be\\\/89OeOOrE3d4&quot;,&quot;video_type&quot;:&quot;youtube&quot;,&quot;controls&quot;:&quot;yes&quot;}\" data-widget_type=\"video.default\">\n\t\t\t\t<div class=\"elementor-widget-container\">\n\t\t\t\t\t\t\t<div class=\"elementor-wrapper elementor-open-inline\">\n\t\t\t<div class=\"elementor-video\"><\/div>\t\t<\/div>\n\t\t\t\t\t\t<\/div>\n\t\t\t\t<\/div>\n\t\t\t\t<\/div>\n\t\t\t\t\t<\/div>\n\t\t\t\t<\/div>\n\t\t<div class=\"elementor-element elementor-element-da75f87 elementor-hidden-tablet elementor-hidden-mobile e-flex e-con-boxed e-con e-parent\" data-id=\"da75f87\" data-element_type=\"container\" data-e-type=\"container\" data-settings=\"{&quot;background_background&quot;:&quot;classic&quot;}\">\n\t\t\t\t\t<div class=\"e-con-inner\">\n\t\t<div class=\"elementor-element elementor-element-03bf0ba e-con-full e-flex e-con e-child\" data-id=\"03bf0ba\" data-element_type=\"container\" data-e-type=\"container\">\n\t\t\t\t<div class=\"elementor-element elementor-element-4b48f99 elementor-widget elementor-widget-video\" data-id=\"4b48f99\" data-element_type=\"widget\" data-e-type=\"widget\" data-settings=\"{&quot;youtube_url&quot;:&quot;https:\\\/\\\/youtu.be\\\/MbRoK0H4SEo&quot;,&quot;video_type&quot;:&quot;youtube&quot;,&quot;controls&quot;:&quot;yes&quot;}\" data-widget_type=\"video.default\">\n\t\t\t\t<div class=\"elementor-widget-container\">\n\t\t\t\t\t\t\t<div class=\"elementor-wrapper elementor-open-inline\">\n\t\t\t<div class=\"elementor-video\"><\/div>\t\t<\/div>\n\t\t\t\t\t\t<\/div>\n\t\t\t\t<\/div>\n\t\t\t\t<\/div>\n\t\t\t\t\t<\/div>\n\t\t\t\t<\/div>\n\t\t<div class=\"elementor-element elementor-element-b0601fe e-flex e-con-boxed e-con e-parent\" data-id=\"b0601fe\" data-element_type=\"container\" data-e-type=\"container\" data-settings=\"{&quot;background_background&quot;:&quot;classic&quot;}\">\n\t\t\t\t\t<div class=\"e-con-inner\">\n\t\t\t\t<div class=\"elementor-element elementor-element-02ee818 elementor-hidden-tablet elementor-hidden-mobile elementor-widget elementor-widget-heading\" data-id=\"02ee818\" data-element_type=\"widget\" data-e-type=\"widget\" data-widget_type=\"heading.default\">\n\t\t\t\t<div class=\"elementor-widget-container\">\n\t\t\t\t\t<h2 class=\"elementor-heading-title elementor-size-default\">Espacios<\/h2>\t\t\t\t<\/div>\n\t\t\t\t<\/div>\n\t\t\t\t<div class=\"elementor-element elementor-element-7ffe755 elementor-hidden-desktop elementor-widget elementor-widget-heading\" data-id=\"7ffe755\" data-element_type=\"widget\" data-e-type=\"widget\" data-widget_type=\"heading.default\">\n\t\t\t\t<div class=\"elementor-widget-container\">\n\t\t\t\t\t<h2 class=\"elementor-heading-title elementor-size-default\">Espacios<\/h2>\t\t\t\t<\/div>\n\t\t\t\t<\/div>\n\t\t\t\t\t<\/div>\n\t\t\t\t<\/div>\n\t\t<div class=\"elementor-element elementor-element-1d7edc1 e-flex e-con-boxed e-con e-parent\" data-id=\"1d7edc1\" data-element_type=\"container\" data-e-type=\"container\" data-settings=\"{&quot;background_background&quot;:&quot;classic&quot;}\">\n\t\t\t\t\t<div class=\"e-con-inner\">\n\t\t<div class=\"elementor-element elementor-element-9759618 e-con-full e-flex e-con e-child\" data-id=\"9759618\" data-element_type=\"container\" data-e-type=\"container\">\n\t\t\t\t<\/div>\n\t\t<div class=\"elementor-element elementor-element-4bbf7d8 e-con-full e-flex e-con e-child\" data-id=\"4bbf7d8\" data-element_type=\"container\" data-e-type=\"container\">\n\t\t\t\t<div class=\"elementor-element elementor-element-4651722 elementor-widget elementor-widget-image\" data-id=\"4651722\" data-element_type=\"widget\" data-e-type=\"widget\" data-widget_type=\"image.default\">\n\t\t\t\t<div class=\"elementor-widget-container\">\n\t\t\t\t\t\t\t\t\t\t\t\t\t\t\t<img loading=\"lazy\" decoding=\"async\" width=\"810\" height=\"608\" src=\"https:\/\/repensandolaeducacion.alopadres.com\/wp-content\/uploads\/2024\/10\/WhatsApp-Image-2024-10-13-at-3.11.20-PM-1024x768.jpeg\" class=\"attachment-large size-large wp-image-2420\" alt=\"\" srcset=\"https:\/\/repensandolaeducacion.alopadres.com\/wp-content\/uploads\/2024\/10\/WhatsApp-Image-2024-10-13-at-3.11.20-PM-1024x768.jpeg 1024w, https:\/\/repensandolaeducacion.alopadres.com\/wp-content\/uploads\/2024\/10\/WhatsApp-Image-2024-10-13-at-3.11.20-PM-300x225.jpeg 300w, https:\/\/repensandolaeducacion.alopadres.com\/wp-content\/uploads\/2024\/10\/WhatsApp-Image-2024-10-13-at-3.11.20-PM-768x576.jpeg 768w, https:\/\/repensandolaeducacion.alopadres.com\/wp-content\/uploads\/2024\/10\/WhatsApp-Image-2024-10-13-at-3.11.20-PM.jpeg 1280w\" sizes=\"(max-width: 810px) 100vw, 810px\" \/>\t\t\t\t\t\t\t\t\t\t\t\t\t\t\t<\/div>\n\t\t\t\t<\/div>\n\t\t\t\t<div class=\"elementor-element elementor-element-d98d044 elementor-widget elementor-widget-text-editor\" data-id=\"d98d044\" data-element_type=\"widget\" data-e-type=\"widget\" data-widget_type=\"text-editor.default\">\n\t\t\t\t<div class=\"elementor-widget-container\">\n\t\t\t\t\t\t\t\t\t<p>\u00a0Biblioteca Municipal de Cota. Cra. 5 #11-43<\/p>\t\t\t\t\t\t\t\t<\/div>\n\t\t\t\t<\/div>\n\t\t\t\t<\/div>\n\t\t<div class=\"elementor-element elementor-element-201827f e-con-full e-flex e-con e-child\" data-id=\"201827f\" data-element_type=\"container\" data-e-type=\"container\">\n\t\t\t\t<\/div>\n\t\t<div class=\"elementor-element elementor-element-b07d53b e-con-full e-flex e-con e-child\" data-id=\"b07d53b\" data-element_type=\"container\" data-e-type=\"container\">\n\t\t\t\t<div class=\"elementor-element elementor-element-6d7e010 elementor-widget elementor-widget-image\" data-id=\"6d7e010\" data-element_type=\"widget\" data-e-type=\"widget\" data-widget_type=\"image.default\">\n\t\t\t\t<div class=\"elementor-widget-container\">\n\t\t\t\t\t\t\t\t\t\t\t\t\t\t\t<img loading=\"lazy\" decoding=\"async\" width=\"551\" height=\"316\" src=\"https:\/\/repensandolaeducacion.alopadres.com\/wp-content\/uploads\/2024\/09\/feria-colectivos.jpg\" class=\"attachment-large size-large wp-image-2135\" alt=\"\" srcset=\"https:\/\/repensandolaeducacion.alopadres.com\/wp-content\/uploads\/2024\/09\/feria-colectivos.jpg 551w, https:\/\/repensandolaeducacion.alopadres.com\/wp-content\/uploads\/2024\/09\/feria-colectivos-300x172.jpg 300w\" sizes=\"(max-width: 551px) 100vw, 551px\" \/>\t\t\t\t\t\t\t\t\t\t\t\t\t\t\t<\/div>\n\t\t\t\t<\/div>\n\t\t\t\t<div class=\"elementor-element elementor-element-a0b1bde elementor-widget elementor-widget-text-editor\" data-id=\"a0b1bde\" data-element_type=\"widget\" data-e-type=\"widget\" data-widget_type=\"text-editor.default\">\n\t\t\t\t<div class=\"elementor-widget-container\">\n\t\t\t\t\t\t\t\t\t<p>Calle 12 del Parque Municipal Luis Carlos Gal\u00e1n Sarmiento (al costado de la biblioteca)<\/p>\t\t\t\t\t\t\t\t<\/div>\n\t\t\t\t<\/div>\n\t\t\t\t<\/div>\n\t\t<div class=\"elementor-element elementor-element-5adaab9 e-con-full e-flex e-con e-child\" data-id=\"5adaab9\" data-element_type=\"container\" data-e-type=\"container\">\n\t\t\t\t<\/div>\n\t\t<div class=\"elementor-element elementor-element-fefb6a2 e-con-full e-flex e-con e-child\" data-id=\"fefb6a2\" data-element_type=\"container\" data-e-type=\"container\">\n\t\t\t\t<div class=\"elementor-element elementor-element-d64612c elementor-widget elementor-widget-image\" data-id=\"d64612c\" data-element_type=\"widget\" data-e-type=\"widget\" data-widget_type=\"image.default\">\n\t\t\t\t<div class=\"elementor-widget-container\">\n\t\t\t\t\t\t\t\t\t\t\t\t\t\t\t<img loading=\"lazy\" decoding=\"async\" width=\"595\" height=\"351\" src=\"https:\/\/repensandolaeducacion.alopadres.com\/wp-content\/uploads\/2024\/10\/Cafe-Desbararte-1.jpg\" class=\"attachment-large size-large wp-image-2403\" alt=\"\" srcset=\"https:\/\/repensandolaeducacion.alopadres.com\/wp-content\/uploads\/2024\/10\/Cafe-Desbararte-1.jpg 595w, https:\/\/repensandolaeducacion.alopadres.com\/wp-content\/uploads\/2024\/10\/Cafe-Desbararte-1-300x177.jpg 300w\" sizes=\"(max-width: 595px) 100vw, 595px\" \/>\t\t\t\t\t\t\t\t\t\t\t\t\t\t\t<\/div>\n\t\t\t\t<\/div>\n\t\t\t\t<div class=\"elementor-element elementor-element-473c5e5 elementor-widget elementor-widget-text-editor\" data-id=\"473c5e5\" data-element_type=\"widget\" data-e-type=\"widget\" data-widget_type=\"text-editor.default\">\n\t\t\t\t<div class=\"elementor-widget-container\">\n\t\t\t\t\t\t\t\t\t<p>Caf\u00e9 Desbararte Dg. 11 #4-34, Centro<\/p>\t\t\t\t\t\t\t\t<\/div>\n\t\t\t\t<\/div>\n\t\t\t\t<\/div>\n\t\t\t\t\t<\/div>\n\t\t\t\t<\/div>\n\t\t<div class=\"elementor-element elementor-element-f86ddfd e-flex e-con-boxed e-con e-parent\" data-id=\"f86ddfd\" data-element_type=\"container\" data-e-type=\"container\" data-settings=\"{&quot;background_background&quot;:&quot;classic&quot;}\">\n\t\t\t\t\t<div class=\"e-con-inner\">\n\t\t<div class=\"elementor-element elementor-element-650e32b e-con-full e-flex e-con e-child\" data-id=\"650e32b\" data-element_type=\"container\" data-e-type=\"container\">\n\t\t\t\t<div class=\"elementor-element elementor-element-e9c69f9 elementor-widget elementor-widget-image\" data-id=\"e9c69f9\" data-element_type=\"widget\" data-e-type=\"widget\" data-widget_type=\"image.default\">\n\t\t\t\t<div class=\"elementor-widget-container\">\n\t\t\t\t\t\t\t\t\t\t\t\t\t\t\t<img loading=\"lazy\" decoding=\"async\" width=\"810\" height=\"810\" src=\"https:\/\/repensandolaeducacion.alopadres.com\/wp-content\/uploads\/2024\/10\/El-carnaval-de-las-palabras-biblioteca-1024x1024.png\" class=\"attachment-large size-large wp-image-2428\" alt=\"\" srcset=\"https:\/\/repensandolaeducacion.alopadres.com\/wp-content\/uploads\/2024\/10\/El-carnaval-de-las-palabras-biblioteca-1024x1024.png 1024w, https:\/\/repensandolaeducacion.alopadres.com\/wp-content\/uploads\/2024\/10\/El-carnaval-de-las-palabras-biblioteca-300x300.png 300w, https:\/\/repensandolaeducacion.alopadres.com\/wp-content\/uploads\/2024\/10\/El-carnaval-de-las-palabras-biblioteca-150x150.png 150w, https:\/\/repensandolaeducacion.alopadres.com\/wp-content\/uploads\/2024\/10\/El-carnaval-de-las-palabras-biblioteca-768x768.png 768w, https:\/\/repensandolaeducacion.alopadres.com\/wp-content\/uploads\/2024\/10\/El-carnaval-de-las-palabras-biblioteca-600x600.png 600w, https:\/\/repensandolaeducacion.alopadres.com\/wp-content\/uploads\/2024\/10\/El-carnaval-de-las-palabras-biblioteca-400x400.png 400w, https:\/\/repensandolaeducacion.alopadres.com\/wp-content\/uploads\/2024\/10\/El-carnaval-de-las-palabras-biblioteca.png 1080w\" sizes=\"(max-width: 810px) 100vw, 810px\" \/>\t\t\t\t\t\t\t\t\t\t\t\t\t\t\t<\/div>\n\t\t\t\t<\/div>\n\t\t\t\t<\/div>\n\t\t<div class=\"elementor-element elementor-element-4b1dc3a e-con-full e-flex e-con e-child\" data-id=\"4b1dc3a\" data-element_type=\"container\" data-e-type=\"container\">\n\t\t\t\t<div class=\"elementor-element elementor-element-2b95b53 elementor-widget elementor-widget-image\" data-id=\"2b95b53\" data-element_type=\"widget\" data-e-type=\"widget\" data-widget_type=\"image.default\">\n\t\t\t\t<div class=\"elementor-widget-container\">\n\t\t\t\t\t\t\t\t\t\t\t\t\t\t\t<img loading=\"lazy\" decoding=\"async\" width=\"810\" height=\"810\" src=\"https:\/\/repensandolaeducacion.alopadres.com\/wp-content\/uploads\/2024\/09\/El-carnaval-de-las-palabras-6-1024x1024.jpg\" class=\"attachment-large size-large wp-image-2212\" alt=\"\" srcset=\"https:\/\/repensandolaeducacion.alopadres.com\/wp-content\/uploads\/2024\/09\/El-carnaval-de-las-palabras-6-1024x1024.jpg 1024w, https:\/\/repensandolaeducacion.alopadres.com\/wp-content\/uploads\/2024\/09\/El-carnaval-de-las-palabras-6-300x300.jpg 300w, https:\/\/repensandolaeducacion.alopadres.com\/wp-content\/uploads\/2024\/09\/El-carnaval-de-las-palabras-6-150x150.jpg 150w, https:\/\/repensandolaeducacion.alopadres.com\/wp-content\/uploads\/2024\/09\/El-carnaval-de-las-palabras-6-768x768.jpg 768w, https:\/\/repensandolaeducacion.alopadres.com\/wp-content\/uploads\/2024\/09\/El-carnaval-de-las-palabras-6-600x600.jpg 600w, https:\/\/repensandolaeducacion.alopadres.com\/wp-content\/uploads\/2024\/09\/El-carnaval-de-las-palabras-6-400x400.jpg 400w, https:\/\/repensandolaeducacion.alopadres.com\/wp-content\/uploads\/2024\/09\/El-carnaval-de-las-palabras-6.jpg 1080w\" sizes=\"(max-width: 810px) 100vw, 810px\" \/>\t\t\t\t\t\t\t\t\t\t\t\t\t\t\t<\/div>\n\t\t\t\t<\/div>\n\t\t\t\t<\/div>\n\t\t<div class=\"elementor-element elementor-element-5d7a36e e-con-full e-flex e-con e-child\" data-id=\"5d7a36e\" data-element_type=\"container\" data-e-type=\"container\">\n\t\t\t\t<div class=\"elementor-element elementor-element-05e21b0 elementor-widget elementor-widget-image\" data-id=\"05e21b0\" data-element_type=\"widget\" data-e-type=\"widget\" data-widget_type=\"image.default\">\n\t\t\t\t<div class=\"elementor-widget-container\">\n\t\t\t\t\t\t\t\t\t\t\t\t\t\t\t<img loading=\"lazy\" decoding=\"async\" width=\"810\" height=\"810\" src=\"https:\/\/repensandolaeducacion.alopadres.com\/wp-content\/uploads\/2024\/09\/El-carnaval-de-las-palabras-7-1024x1024.jpg\" class=\"attachment-large size-large wp-image-2213\" alt=\"\" srcset=\"https:\/\/repensandolaeducacion.alopadres.com\/wp-content\/uploads\/2024\/09\/El-carnaval-de-las-palabras-7-1024x1024.jpg 1024w, https:\/\/repensandolaeducacion.alopadres.com\/wp-content\/uploads\/2024\/09\/El-carnaval-de-las-palabras-7-300x300.jpg 300w, https:\/\/repensandolaeducacion.alopadres.com\/wp-content\/uploads\/2024\/09\/El-carnaval-de-las-palabras-7-150x150.jpg 150w, https:\/\/repensandolaeducacion.alopadres.com\/wp-content\/uploads\/2024\/09\/El-carnaval-de-las-palabras-7-768x768.jpg 768w, https:\/\/repensandolaeducacion.alopadres.com\/wp-content\/uploads\/2024\/09\/El-carnaval-de-las-palabras-7-600x600.jpg 600w, https:\/\/repensandolaeducacion.alopadres.com\/wp-content\/uploads\/2024\/09\/El-carnaval-de-las-palabras-7-400x400.jpg 400w, https:\/\/repensandolaeducacion.alopadres.com\/wp-content\/uploads\/2024\/09\/El-carnaval-de-las-palabras-7.jpg 1080w\" sizes=\"(max-width: 810px) 100vw, 810px\" \/>\t\t\t\t\t\t\t\t\t\t\t\t\t\t\t<\/div>\n\t\t\t\t<\/div>\n\t\t\t\t<\/div>\n\t\t\t\t\t<\/div>\n\t\t\t\t<\/div>\n\t\t<div class=\"elementor-element elementor-element-eec9b46 e-flex e-con-boxed e-con e-parent\" data-id=\"eec9b46\" data-element_type=\"container\" data-e-type=\"container\" data-settings=\"{&quot;background_background&quot;:&quot;classic&quot;}\">\n\t\t\t\t\t<div class=\"e-con-inner\">\n\t\t\t\t\t<\/div>\n\t\t\t\t<\/div>\n\t\t<div class=\"elementor-element elementor-element-f7af191 e-flex e-con-boxed e-con e-parent\" data-id=\"f7af191\" data-element_type=\"container\" data-e-type=\"container\" data-settings=\"{&quot;background_background&quot;:&quot;classic&quot;}\">\n\t\t\t\t\t<div class=\"e-con-inner\">\n\t\t\t\t<div class=\"elementor-element elementor-element-69e3b13 elementor-hidden-desktop elementor-widget elementor-widget-heading\" data-id=\"69e3b13\" data-element_type=\"widget\" data-e-type=\"widget\" data-widget_type=\"heading.default\">\n\t\t\t\t<div class=\"elementor-widget-container\">\n\t\t\t\t\t<h2 class=\"elementor-heading-title elementor-size-default\">ORGANIZADORES Y GESTORES<\/h2>\t\t\t\t<\/div>\n\t\t\t\t<\/div>\n\t\t\t\t<div class=\"elementor-element elementor-element-31d1135 elementor-hidden-tablet elementor-hidden-mobile elementor-widget elementor-widget-heading\" data-id=\"31d1135\" data-element_type=\"widget\" data-e-type=\"widget\" data-widget_type=\"heading.default\">\n\t\t\t\t<div class=\"elementor-widget-container\">\n\t\t\t\t\t<h2 class=\"elementor-heading-title elementor-size-default\">ORGANIZADORES Y GESTORES<\/h2>\t\t\t\t<\/div>\n\t\t\t\t<\/div>\n\t\t\t\t\t<\/div>\n\t\t\t\t<\/div>\n\t\t<div class=\"elementor-element elementor-element-67919ef e-flex e-con-boxed e-con e-parent\" data-id=\"67919ef\" data-element_type=\"container\" data-e-type=\"container\" data-settings=\"{&quot;background_background&quot;:&quot;classic&quot;}\">\n\t\t\t\t\t<div class=\"e-con-inner\">\n\t\t<div class=\"elementor-element elementor-element-50b27c0 e-con-full e-flex e-con e-child\" data-id=\"50b27c0\" data-element_type=\"container\" data-e-type=\"container\" data-settings=\"{&quot;background_background&quot;:&quot;classic&quot;}\">\n\t\t\t\t<div class=\"elementor-element elementor-element-225d822 elementor-position-top elementor-widget elementor-widget-image-box\" data-id=\"225d822\" data-element_type=\"widget\" data-e-type=\"widget\" data-widget_type=\"image-box.default\">\n\t\t\t\t<div class=\"elementor-widget-container\">\n\t\t\t\t\t<div class=\"elementor-image-box-wrapper\"><figure class=\"elementor-image-box-img\"><img loading=\"lazy\" decoding=\"async\" width=\"758\" height=\"1098\" src=\"https:\/\/repensandolaeducacion.alopadres.com\/wp-content\/uploads\/2024\/07\/foto_Natalia_repensando.png\" class=\"attachment-full size-full wp-image-1439\" alt=\"\" srcset=\"https:\/\/repensandolaeducacion.alopadres.com\/wp-content\/uploads\/2024\/07\/foto_Natalia_repensando.png 758w, https:\/\/repensandolaeducacion.alopadres.com\/wp-content\/uploads\/2024\/07\/foto_Natalia_repensando-207x300.png 207w, https:\/\/repensandolaeducacion.alopadres.com\/wp-content\/uploads\/2024\/07\/foto_Natalia_repensando-707x1024.png 707w\" sizes=\"(max-width: 758px) 100vw, 758px\" \/><\/figure><div class=\"elementor-image-box-content\"><h4 class=\"elementor-image-box-title\">Natalia Ni\u00f1o<\/h4><p class=\"elementor-image-box-description\">Estudiante del pregrado de Creaci\u00f3n Literaria en la Universidad Central, part\u00edcipe de Quarta Feira Cine Club y miembro activo del comit\u00e9 editorial Letray-legal. Ha tomado el curso de procesos editoriales y se ha desempe\u00f1ado como correctora de estilo. Adem\u00e1s, realiz\u00f3 actividades de promoci\u00f3n y escritura creativa a trav\u00e9s de talleres. Y ha publicado en la ra\u00edz invertida.<\/p><\/div><\/div>\t\t\t\t<\/div>\n\t\t\t\t<\/div>\n\t\t\t\t<\/div>\n\t\t<div class=\"elementor-element elementor-element-da2d460 e-con-full e-flex e-con e-child\" data-id=\"da2d460\" data-element_type=\"container\" data-e-type=\"container\">\n\t\t\t\t<\/div>\n\t\t<div class=\"elementor-element elementor-element-e94fed3 e-con-full e-flex e-con e-child\" data-id=\"e94fed3\" data-element_type=\"container\" data-e-type=\"container\" data-settings=\"{&quot;background_background&quot;:&quot;classic&quot;}\">\n\t\t\t\t<div class=\"elementor-element elementor-element-095b8d8 elementor-position-top elementor-widget elementor-widget-image-box\" data-id=\"095b8d8\" data-element_type=\"widget\" data-e-type=\"widget\" data-widget_type=\"image-box.default\">\n\t\t\t\t<div class=\"elementor-widget-container\">\n\t\t\t\t\t<div class=\"elementor-image-box-wrapper\"><figure class=\"elementor-image-box-img\"><img loading=\"lazy\" decoding=\"async\" width=\"1133\" height=\"1525\" src=\"https:\/\/repensandolaeducacion.alopadres.com\/wp-content\/uploads\/2024\/07\/Foto_Gladys_Repensando.png\" class=\"attachment-full size-full wp-image-1461\" alt=\"\" srcset=\"https:\/\/repensandolaeducacion.alopadres.com\/wp-content\/uploads\/2024\/07\/Foto_Gladys_Repensando.png 1133w, https:\/\/repensandolaeducacion.alopadres.com\/wp-content\/uploads\/2024\/07\/Foto_Gladys_Repensando-223x300.png 223w, https:\/\/repensandolaeducacion.alopadres.com\/wp-content\/uploads\/2024\/07\/Foto_Gladys_Repensando-761x1024.png 761w, https:\/\/repensandolaeducacion.alopadres.com\/wp-content\/uploads\/2024\/07\/Foto_Gladys_Repensando-768x1034.png 768w\" sizes=\"(max-width: 1133px) 100vw, 1133px\" \/><\/figure><div class=\"elementor-image-box-content\"><h4 class=\"elementor-image-box-title\">Gladys Salas<\/h4><p class=\"elementor-image-box-description\">Madre, educadora, asesora y gestora. Mi pasi\u00f3n es promover herramientas encaminadas a la transformaci\u00f3n de la educaci\u00f3n y la crianza. Con experiencia en diversos sectores y temas relacionados especialmente con educaci\u00f3n y coordinaci\u00f3n acad\u00e9mica.  Actualmente me desempe\u00f1o como la directora general de la revista digital \u201cRepensando la Educaci\u00f3n\u201d.<\/p><\/div><\/div>\t\t\t\t<\/div>\n\t\t\t\t<\/div>\n\t\t\t\t<\/div>\n\t\t<div class=\"elementor-element elementor-element-b2a422a e-con-full e-flex e-con e-child\" data-id=\"b2a422a\" data-element_type=\"container\" data-e-type=\"container\">\n\t\t\t\t<\/div>\n\t\t<div class=\"elementor-element elementor-element-1a63e10 e-con-full e-flex e-con e-child\" data-id=\"1a63e10\" data-element_type=\"container\" data-e-type=\"container\" data-settings=\"{&quot;background_background&quot;:&quot;classic&quot;}\">\n\t\t\t\t<div class=\"elementor-element elementor-element-131cff1 elementor-position-top elementor-widget elementor-widget-image-box\" data-id=\"131cff1\" data-element_type=\"widget\" data-e-type=\"widget\" data-widget_type=\"image-box.default\">\n\t\t\t\t<div class=\"elementor-widget-container\">\n\t\t\t\t\t<div class=\"elementor-image-box-wrapper\"><figure class=\"elementor-image-box-img\"><img loading=\"lazy\" decoding=\"async\" width=\"720\" height=\"945\" src=\"https:\/\/repensandolaeducacion.alopadres.com\/wp-content\/uploads\/2024\/07\/foto_Cristian_-repensando.jpg\" class=\"attachment-full size-full wp-image-1505\" alt=\"\" srcset=\"https:\/\/repensandolaeducacion.alopadres.com\/wp-content\/uploads\/2024\/07\/foto_Cristian_-repensando.jpg 720w, https:\/\/repensandolaeducacion.alopadres.com\/wp-content\/uploads\/2024\/07\/foto_Cristian_-repensando-229x300.jpg 229w\" sizes=\"(max-width: 720px) 100vw, 720px\" \/><\/figure><div class=\"elementor-image-box-content\"><h4 class=\"elementor-image-box-title\">Cristian Ivan Bolivar<\/h4><p class=\"elementor-image-box-description\">Estudiante de licenciatura en educaci\u00f3n f\u00edsica recreaci\u00f3n y deportes de la universidad Minuto de Dios, con enfoque en la infancia y la pedagog\u00eda, comprometido con el esp\u00edritu investigativo y el aprendizaje cr\u00edtico significativo. Miembro de la red de literatura de cota y participante activo de talleres y procesos de creaci\u00f3n literaria Estudiante de las escuelas de formaci\u00f3n art\u00edsticas de cota en guitarra cl\u00e1sica y miembro del colectivo Sikuris del Majuy<\/p><\/div><\/div>\t\t\t\t<\/div>\n\t\t\t\t<\/div>\n\t\t\t\t<\/div>\n\t\t\t\t\t<\/div>\n\t\t\t\t<\/div>\n\t\t<div class=\"elementor-element elementor-element-acfa1b6 e-flex e-con-boxed e-con e-parent\" data-id=\"acfa1b6\" data-element_type=\"container\" data-e-type=\"container\" data-settings=\"{&quot;background_background&quot;:&quot;classic&quot;}\">\n\t\t\t\t\t<div class=\"e-con-inner\">\n\t\t\t\t<div class=\"elementor-element elementor-element-c093d4b elementor-widget elementor-widget-text-editor\" data-id=\"c093d4b\" data-element_type=\"widget\" data-e-type=\"widget\" data-widget_type=\"text-editor.default\">\n\t\t\t\t<div class=\"elementor-widget-container\">\n\t\t\t\t\t\t\t\t\t<p>@2024 Creado por la Revista Repensando la Educaci\u00f3n<\/p>\t\t\t\t\t\t\t\t<\/div>\n\t\t\t\t<\/div>\n\t\t\t\t\t<\/div>\n\t\t\t\t<\/div>\n\t\t\t\t<\/div>\n\t\t","protected":false},"excerpt":{"rendered":"<p>Programaci\u00f3n 2024 2024 Festival de literatura de Cota. \u00abEl carnaval de las palabras\u00bb 12 al 14 de octubre Ganador del portafolio de est\u00edmulos \u201cCota es cultura y arte 2024\u201d Festival de literatura de Cota. \u00abEl carnaval de las palabras\u00bb 12 al 14 de octubre Ganador del portafolio de est\u00edmulos \u201cCota es cultura y arte 2024\u201d [&hellip;]<\/p>\n","protected":false},"author":1,"featured_media":0,"parent":0,"menu_order":0,"comment_status":"closed","ping_status":"closed","template":"elementor_canvas","meta":{"sb_editor_width":"","footnotes":""},"coauthors":[52],"class_list":["post-1593","page","type-page","status-publish","hentry"],"relative_dates":{"created":"2 a\u00f1os ago","modified":"1 a\u00f1o ago"},"jetpack-related-posts":[{"id":1430,"url":"https:\/\/repensandolaeducacion.alopadres.com\/index.php\/equipo-repensando-la-educacion\/","url_meta":{"origin":1593,"position":0},"title":"Equipo Repensando la Educaci\u00f3n","author":"repensando","date":"7 de julio de 2023","format":false,"excerpt":"La pasi\u00f3n por la lectura y la voluntad de contribuir a la transformaci\u00f3n del mundo son dos fuerzas poderosas que pueden llevarnos a lugares incre\u00edbles.La revista es una forma de compartir nuestros saberes y experiencias, y, a su vez, de aprender de los dem\u00e1s. Por ello, \"Repensando la educaci\u00f3n\" busca\u2026","rel":"","context":"Entrada similar","block_context":{"text":"Entrada similar","link":""},"img":{"alt_text":"","src":"https:\/\/i0.wp.com\/repensandolaeducacion.alopadres.com\/wp-content\/uploads\/2024\/07\/foto_Cristian_-repensando.jpg?resize=350%2C200&ssl=1","width":350,"height":200,"srcset":"https:\/\/i0.wp.com\/repensandolaeducacion.alopadres.com\/wp-content\/uploads\/2024\/07\/foto_Cristian_-repensando.jpg?resize=350%2C200&ssl=1 1x, https:\/\/i0.wp.com\/repensandolaeducacion.alopadres.com\/wp-content\/uploads\/2024\/07\/foto_Cristian_-repensando.jpg?resize=525%2C300&ssl=1 1.5x, https:\/\/i0.wp.com\/repensandolaeducacion.alopadres.com\/wp-content\/uploads\/2024\/07\/foto_Cristian_-repensando.jpg?resize=700%2C400&ssl=1 2x"},"classes":[]},{"id":1062,"url":"https:\/\/repensandolaeducacion.alopadres.com\/index.php\/edicion-18\/","url_meta":{"origin":1593,"position":1},"title":"Edici\u00f3n 18","author":"repensando","date":"28 de noviembre de 2023","format":false,"excerpt":"REVISTA DIGITAL REPENSANDO LA EDUCACI\u00d3NISSN: 2744-8754 (En l\u00ednea) Edici\u00f3n 18 Cota, ColombiaDiciembre 2023-enero 2024DIRECCI\u00d3N GENERALGladys Elisa Salas CDIRECCI\u00d3N EDITORIALGladys Elisa Salas Cgladys.salas.c@gmail.comCORRECCI\u00d3N DE ESTILOElisa Stephania AlvaradoDISE\u00d1O GR\u00c1FICOGladys SalasFOTOSAplicaci\u00f3n Canva, y algunas facilitadas por los colaboradores.La Revista REPENSANDO LA EDUCACI\u00d3N no hace necesariamente suyas las opiniones y criterios expresados por sus\u2026","rel":"","context":"Entrada similar","block_context":{"text":"Entrada similar","link":""},"img":{"alt_text":"","src":"https:\/\/i0.wp.com\/repensandolaeducacion.alopadres.com\/wp-content\/uploads\/2023\/11\/Revista-RLE18.jpg?resize=350%2C200&ssl=1","width":350,"height":200,"srcset":"https:\/\/i0.wp.com\/repensandolaeducacion.alopadres.com\/wp-content\/uploads\/2023\/11\/Revista-RLE18.jpg?resize=350%2C200&ssl=1 1x, https:\/\/i0.wp.com\/repensandolaeducacion.alopadres.com\/wp-content\/uploads\/2023\/11\/Revista-RLE18.jpg?resize=525%2C300&ssl=1 1.5x, https:\/\/i0.wp.com\/repensandolaeducacion.alopadres.com\/wp-content\/uploads\/2023\/11\/Revista-RLE18.jpg?resize=700%2C400&ssl=1 2x, https:\/\/i0.wp.com\/repensandolaeducacion.alopadres.com\/wp-content\/uploads\/2023\/11\/Revista-RLE18.jpg?resize=1050%2C600&ssl=1 3x, https:\/\/i0.wp.com\/repensandolaeducacion.alopadres.com\/wp-content\/uploads\/2023\/11\/Revista-RLE18.jpg?resize=1400%2C800&ssl=1 4x"},"classes":[]},{"id":1309,"url":"https:\/\/repensandolaeducacion.alopadres.com\/index.php\/edicion-19\/","url_meta":{"origin":1593,"position":2},"title":"Edici\u00f3n 19","author":"repensando","date":"14 de junio de 2024","format":false,"excerpt":"REVISTA DIGITAL REPENSANDO LA EDUCACI\u00d3NISSN: 2744-8754 (En l\u00ednea) Edici\u00f3n 19 Cota, ColombiaAbril-mayo de 2024DIRECCI\u00d3N GENERALGladys Elisa Salas CDIRECCI\u00d3N EDITORIALGladys Elisa Salas Cgladys.salas.c@gmail.comCORRECCI\u00d3N DE ESTILOElisa Stephania AlvaradoDISE\u00d1O GR\u00c1FICOGladys SalasFOTOSAplicaci\u00f3n Canva, y algunas facilitadas por los colaboradores.La Revista REPENSANDO LA EDUCACI\u00d3N no hace necesariamente suyas las opiniones y criterios expresados por sus\u2026","rel":"","context":"Entrada similar","block_context":{"text":"Entrada similar","link":""},"img":{"alt_text":"","src":"https:\/\/i0.wp.com\/repensandolaeducacion.alopadres.com\/wp-content\/uploads\/2024\/04\/Revista-RLE19.jpg?resize=350%2C200&ssl=1","width":350,"height":200,"srcset":"https:\/\/i0.wp.com\/repensandolaeducacion.alopadres.com\/wp-content\/uploads\/2024\/04\/Revista-RLE19.jpg?resize=350%2C200&ssl=1 1x, https:\/\/i0.wp.com\/repensandolaeducacion.alopadres.com\/wp-content\/uploads\/2024\/04\/Revista-RLE19.jpg?resize=525%2C300&ssl=1 1.5x, https:\/\/i0.wp.com\/repensandolaeducacion.alopadres.com\/wp-content\/uploads\/2024\/04\/Revista-RLE19.jpg?resize=700%2C400&ssl=1 2x, https:\/\/i0.wp.com\/repensandolaeducacion.alopadres.com\/wp-content\/uploads\/2024\/04\/Revista-RLE19.jpg?resize=1050%2C600&ssl=1 3x, https:\/\/i0.wp.com\/repensandolaeducacion.alopadres.com\/wp-content\/uploads\/2024\/04\/Revista-RLE19.jpg?resize=1400%2C800&ssl=1 4x"},"classes":[]},{"id":863,"url":"https:\/\/repensandolaeducacion.alopadres.com\/index.php\/edicion-14\/","url_meta":{"origin":1593,"position":3},"title":"Edici\u00f3n 14","author":"repensando","date":"1 de febrero de 2023","format":false,"excerpt":"REVISTA DIGITAL REPENSANDO LA EDUCACI\u00d3NISSN: 2744-8754 (En l\u00ednea) Edici\u00f3n 14 Cota, ColombiaFebrero-marzo de 2023DIRECCI\u00d3N GENERALGladys Elisa Salas CDIRECCI\u00d3N EDITORIALGladys Elisa Salas Cgladys.salas.c@gmail.comCORRECCI\u00d3N DE ESTILOElisa Stephania AlvaradoDISE\u00d1O GR\u00c1FICOGladys SalasFOTOSAplicaci\u00f3n Canva, y algunas facilitadas por los colaboradores.La Revista REPENSANDO LA EDUCACI\u00d3N no hace necesariamente suyas las opiniones y criterios expresados por sus\u2026","rel":"","context":"Entrada similar","block_context":{"text":"Entrada similar","link":""},"img":{"alt_text":"","src":"https:\/\/i0.wp.com\/repensandolaeducacion.alopadres.com\/wp-content\/uploads\/2023\/11\/Revista-RLE14.jpg?resize=350%2C200&ssl=1","width":350,"height":200,"srcset":"https:\/\/i0.wp.com\/repensandolaeducacion.alopadres.com\/wp-content\/uploads\/2023\/11\/Revista-RLE14.jpg?resize=350%2C200&ssl=1 1x, https:\/\/i0.wp.com\/repensandolaeducacion.alopadres.com\/wp-content\/uploads\/2023\/11\/Revista-RLE14.jpg?resize=525%2C300&ssl=1 1.5x, https:\/\/i0.wp.com\/repensandolaeducacion.alopadres.com\/wp-content\/uploads\/2023\/11\/Revista-RLE14.jpg?resize=700%2C400&ssl=1 2x, https:\/\/i0.wp.com\/repensandolaeducacion.alopadres.com\/wp-content\/uploads\/2023\/11\/Revista-RLE14.jpg?resize=1050%2C600&ssl=1 3x, https:\/\/i0.wp.com\/repensandolaeducacion.alopadres.com\/wp-content\/uploads\/2023\/11\/Revista-RLE14.jpg?resize=1400%2C800&ssl=1 4x"},"classes":[]},{"id":617,"url":"https:\/\/repensandolaeducacion.alopadres.com\/index.php\/edicion-17\/","url_meta":{"origin":1593,"position":4},"title":"Edici\u00f3n 17","author":"repensando","date":"1 de octubre de 2023","format":false,"excerpt":"REVISTA DIGITAL REPENSANDO LA EDUCACI\u00d3NISSN: 2744-8754 (En l\u00ednea) Edici\u00f3n 17 Cota, ColombiaOctubre-noviembre de 2023DIRECCI\u00d3N GENERALGladys Elisa Salas CDIRECCI\u00d3N EDITORIALGladys Elisa Salas Cgladys.salas.c@gmail.comCORRECCI\u00d3N DE ESTILOElisa Stephania AlvaradoDISE\u00d1O GR\u00c1FICOGladys SalasFOTOSAplicaci\u00f3n Canva, y algunas facilitadas por los colaboradores.La Revista REPENSANDO LA EDUCACI\u00d3N no hace necesariamente suyas las opiniones y criterios expresados por sus\u2026","rel":"","context":"Entrada similar","block_context":{"text":"Entrada similar","link":""},"img":{"alt_text":"","src":"https:\/\/i0.wp.com\/repensandolaeducacion.alopadres.com\/wp-content\/uploads\/2023\/11\/Revista-RLE17-1.jpg?resize=350%2C200&ssl=1","width":350,"height":200,"srcset":"https:\/\/i0.wp.com\/repensandolaeducacion.alopadres.com\/wp-content\/uploads\/2023\/11\/Revista-RLE17-1.jpg?resize=350%2C200&ssl=1 1x, https:\/\/i0.wp.com\/repensandolaeducacion.alopadres.com\/wp-content\/uploads\/2023\/11\/Revista-RLE17-1.jpg?resize=525%2C300&ssl=1 1.5x, https:\/\/i0.wp.com\/repensandolaeducacion.alopadres.com\/wp-content\/uploads\/2023\/11\/Revista-RLE17-1.jpg?resize=700%2C400&ssl=1 2x, https:\/\/i0.wp.com\/repensandolaeducacion.alopadres.com\/wp-content\/uploads\/2023\/11\/Revista-RLE17-1.jpg?resize=1050%2C600&ssl=1 3x, https:\/\/i0.wp.com\/repensandolaeducacion.alopadres.com\/wp-content\/uploads\/2023\/11\/Revista-RLE17-1.jpg?resize=1400%2C800&ssl=1 4x"},"classes":[]}],"jetpack_sharing_enabled":true,"_links":{"self":[{"href":"https:\/\/repensandolaeducacion.alopadres.com\/index.php\/wp-json\/wp\/v2\/pages\/1593","targetHints":{"allow":["GET"]}}],"collection":[{"href":"https:\/\/repensandolaeducacion.alopadres.com\/index.php\/wp-json\/wp\/v2\/pages"}],"about":[{"href":"https:\/\/repensandolaeducacion.alopadres.com\/index.php\/wp-json\/wp\/v2\/types\/page"}],"author":[{"embeddable":true,"href":"https:\/\/repensandolaeducacion.alopadres.com\/index.php\/wp-json\/wp\/v2\/users\/1"}],"replies":[{"embeddable":true,"href":"https:\/\/repensandolaeducacion.alopadres.com\/index.php\/wp-json\/wp\/v2\/comments?post=1593"}],"version-history":[{"count":599,"href":"https:\/\/repensandolaeducacion.alopadres.com\/index.php\/wp-json\/wp\/v2\/pages\/1593\/revisions"}],"predecessor-version":[{"id":2442,"href":"https:\/\/repensandolaeducacion.alopadres.com\/index.php\/wp-json\/wp\/v2\/pages\/1593\/revisions\/2442"}],"wp:attachment":[{"href":"https:\/\/repensandolaeducacion.alopadres.com\/index.php\/wp-json\/wp\/v2\/media?parent=1593"}],"wp:term":[{"taxonomy":"author","embeddable":true,"href":"https:\/\/repensandolaeducacion.alopadres.com\/index.php\/wp-json\/wp\/v2\/coauthors?post=1593"}],"curies":[{"name":"wp","href":"https:\/\/api.w.org\/{rel}","templated":true}]}}